{"id":13381,"date":"2025-03-17T11:59:56","date_gmt":"2025-03-17T10:59:56","guid":{"rendered":"https:\/\/www.campinglesmizottes.fr\/la-faute-sur-mer\/"},"modified":"2025-04-14T09:56:49","modified_gmt":"2025-04-14T07:56:49","slug":"la-faute-sur-mer","status":"publish","type":"page","link":"https:\/\/www.campinglesmizottes.fr\/nl\/la-faute-sur-mer\/","title":{"rendered":"La Faute-sur-Mer"},"content":{"rendered":"\n<div class=\"wp-block-group is-layout-constrained wp-container-core-group-is-layout-3bcc61df wp-block-group-is-layout-constrained\" style=\"padding-top:var(--wp--preset--spacing--50);padding-bottom:var(--wp--preset--spacing--80)\">\n<h1 class=\"wp-block-heading alignwide has-text-align-center has-link-color-color has-text-color has-x-large-font-size\" style=\"margin-top:var(--wp--preset--spacing--60);margin-right:var(--wp--preset--spacing--60);margin-bottom:var(--wp--preset--spacing--60);margin-left:var(--wp--preset--spacing--60);padding-top:var(--wp--preset--spacing--60);padding-right:var(--wp--preset--spacing--60);padding-bottom:var(--wp--preset--spacing--60);padding-left:var(--wp--preset--spacing--60);text-transform:capitalize\">La Faute-sur-Mer<\/h1>\n\n\n\n<p class=\"has-text-align-center\">Vanaf onze <a href=\"https:\/\/www.campinglesmizottes.fr\/nl\/\">camping in Saint-Michel-en-l&#8217;Herm<\/a>, Les Mizottes, kunt u <strong>La Faute-sur-Mer bezoeken<\/strong>, een beroemde badplaats in het <a href=\"https:\/\/www.campinglesmizottes.fr\/nl\/sud-vendee\/\">zuiden van de Vend\u00e9e<\/a>. Kies een van onze <a href=\"https:\/\/www.campinglesmizottes.fr\/nl\/location-mobil-home-vendee\/\">huuraccommodaties in een stacaravan in de Vend\u00e9e<\/a> of een <a href=\"https:\/\/www.campinglesmizottes.fr\/nl\/location-insolite-vendee\/\">ongewone accommodatie in de buurt van La Tranche-sur-Mer<\/a> en begin aan uw bezoek!   <br\/><\/p>\n<\/div>\n\n<div class=\"wp-block-group overflow-hidden is-layout-flow wp-block-group-is-layout-flow\" style=\"margin-top:var(--wp--preset--spacing--80);margin-bottom:var(--wp--preset--spacing--80);padding-top:var(--wp--preset--spacing--80);padding-bottom:var(--wp--preset--spacing--80)\">\n<div class=\"wp-block-columns is-layout-flex wp-container-core-columns-is-layout-28232c24 wp-block-columns-is-layout-flex\">\n<div class=\"wp-block-column is-vertically-aligned-center is-layout-flow wp-block-column-is-layout-flow\">\n<figure class=\"wp-block-image size-full has-custom-border is-style-default animated fadeInLeft slow\"><a href=\"https:\/\/www.campinglesmizottes.fr\/wp-content\/uploads\/sites\/82\/2025\/03\/Plage-de-chardons-chemin-2-scaled.webp\"><img data-dominant-color=\"636152\" data-has-transparency=\"false\" loading=\"lazy\" decoding=\"async\" width=\"2048\" height=\"1304\" sizes=\"auto, (max-width: min(calc(100% - 15vw), 2048px)) 100vw, min(calc(100% - 15vw), 2048px)\" src=\"https:\/\/www.campinglesmizottes.fr\/wp-content\/uploads\/sites\/82\/2025\/03\/Plage-de-chardons-chemin-2-scaled.webp\" alt=\"Strand van distels\" class=\"wp-image-11449 not-transparent\" style=\"--dominant-color: #636152; border-top-right-radius:2rem;border-bottom-right-radius:2rem;aspect-ratio:1;object-fit:cover\" srcset=\"https:\/\/www.campinglesmizottes.fr\/wp-content\/uploads\/sites\/82\/2025\/03\/Plage-de-chardons-chemin-2-scaled.webp 2048w, https:\/\/www.campinglesmizottes.fr\/wp-content\/uploads\/sites\/82\/2025\/03\/Plage-de-chardons-chemin-2-300x191.webp 300w, https:\/\/www.campinglesmizottes.fr\/wp-content\/uploads\/sites\/82\/2025\/03\/Plage-de-chardons-chemin-2-1024x652.webp 1024w, https:\/\/www.campinglesmizottes.fr\/wp-content\/uploads\/sites\/82\/2025\/03\/Plage-de-chardons-chemin-2-768x489.webp 768w, https:\/\/www.campinglesmizottes.fr\/wp-content\/uploads\/sites\/82\/2025\/03\/Plage-de-chardons-chemin-2-1536x978.webp 1536w\" \/><\/a><\/figure>\n<\/div>\n\n\n\n<div class=\"wp-block-column is-vertically-aligned-center is-layout-flow wp-block-column-is-layout-flow\" style=\"padding-right:var(--wp--preset--spacing--80);padding-left:var(--wp--preset--spacing--80);flex-basis:60%\">\n<div class=\"wp-block-group is-layout-flow wp-block-group-is-layout-flow\" style=\"padding-top:var(--wp--preset--spacing--40);padding-right:var(--wp--preset--spacing--40);padding-bottom:0;padding-left:var(--wp--preset--spacing--40)\">\n<h2 class=\"wp-block-heading has-color-2-color has-text-color has-link-color has-poppins-font-family has-large-font-size wp-elements-c49803650731994ea59a73d20129b985\" style=\"font-style:normal;font-weight:500;line-height:1\">Wat te zien in La Faute-sur-Mer<\/h2>\n\n\n\n<figure class=\"wp-block-image size-full is-resized wp-duotone-1b79bf-rgb27121191-1\"><img loading=\"lazy\" decoding=\"async\" width=\"146\" height=\"22\" sizes=\"auto, (max-width: min(calc(100% - 15vw), 133px)) 100vw, min(calc(100% - 15vw), 133px)\" src=\"https:\/\/www.campinglesmizottes.fr\/wp-content\/uploads\/sites\/82\/2023\/08\/separator.png\" alt=\"scheider\" class=\"wp-image-5772\" style=\"width:133px;height:auto\"\/><\/figure>\n\n\n\n<p>De kustlijn <strong>van La Faute-sur-Mer<\/strong>, een badplaats bij uitstek, bestaat uit 8 km duinen en pijnboombossen. Verdeeld in verschillende stranden met fijn zand, elk met een specifieke naam en een andere activiteit, zijn de panorama&#8217;s net zo gevarieerd als de momenten die je deelt met familie en vrienden. <\/p>\n\n\n\n<p>Het pittoreske haventje van La Faute-sur-Mer, met zijn kanaal aan de monding van de rivier de Lay, is het vertrekpunt voor onvergetelijke uitstapjes op zee. De duinen, omringd door water, komen samen op een fijne zanderige uitloper tegenover het Ile de R\u00e9: de Pointe d&#8217;Ar\u00e7ay, een beschermd natuurgebied. <\/p>\n<\/div>\n<\/div>\n<\/div>\n<\/div>\n\n<div class=\"wp-block-group overflow-hidden has-color-4-background-color has-background is-layout-flow wp-block-group-is-layout-flow\" style=\"margin-top:var(--wp--preset--spacing--80);margin-bottom:var(--wp--preset--spacing--80);padding-top:0;padding-bottom:var(--wp--preset--spacing--80)\">\n<div class=\"wp-block-columns is-layout-flex wp-container-core-columns-is-layout-28232c24 wp-block-columns-is-layout-flex\">\n<div class=\"wp-block-column is-vertically-aligned-center is-layout-constrained wp-container-core-column-is-layout-e3b6657a wp-block-column-is-layout-constrained\" style=\"padding-top:var(--wp--preset--spacing--60);padding-right:var(--wp--preset--spacing--60);padding-bottom:var(--wp--preset--spacing--60);padding-left:var(--wp--preset--spacing--60);flex-basis:60%\">\n<h2 class=\"wp-block-heading has-text-align-left has-color-2-color has-text-color has-link-color has-poppins-font-family has-large-font-size wp-elements-d4c45ebc66f582e2b06b35df6600fdbb\" style=\"font-style:normal;font-weight:500;line-height:1\">Dingen om te doen in La Faute-sur-Mer<\/h2>\n\n\n\n<figure class=\"wp-block-image size-full is-resized wp-duotone-1b79bf-rgb27121191-2\"><img loading=\"lazy\" decoding=\"async\" width=\"146\" height=\"22\" sizes=\"auto, (max-width: min(calc(100% - 15vw), 133px)) 100vw, min(calc(100% - 15vw), 133px)\" src=\"https:\/\/www.campinglesmizottes.fr\/wp-content\/uploads\/sites\/82\/2023\/08\/separator.png\" alt=\"scheider\" class=\"wp-image-5772\" style=\"width:133px;height:auto\"\/><\/figure>\n\n\n\n<p>Of je nu wilt windsurfen, surfen, wandelen in de schaduw van de weelderige vegetatie of zwemmen in de zon, er is genoeg keuze om je dag goed te maken.<\/p>\n\n\n\n<p>Dit schiereiland, dat toegankelijk is via paden en bewegwijzerde wandelpaden langs een dennenbos, ligt ingeklemd tussen de oceaan en de rivier de Lay en biedt prachtige uitzichten. Of het nu &#8216;s ochtends vroeg is om de zeevogels te bekijken of later op de dag voor de prachtige zonsondergangen die het Ile de R\u00e9 overspoelen, deze zandvlakte is een onvergelijkbare landschappelijke plek. <\/p>\n\n\n\n<p>In het stadscentrum vind je plaatselijke winkels met een ruim aanbod aan plaatselijke producten en op donderdag en zondag is er een markt met plaatselijke producten op de Place de la Mairie.<\/p>\n\n\n\n<p>In de buurt kun je ook <a href=\"https:\/\/www.campinglesmizottes.fr\/nl\/visite-la-tranche-sur-mer\/\">La Tranche-sur-Mer<\/a>, de <a href=\"https:\/\/www.campinglesmizottes.fr\/nl\/visiter-marais-poitevin\/\">Marais Poitevin<\/a> en <a href=\"https:\/\/www.campinglesmizottes.fr\/nl\/visiter-la-rochelle\/\">La Rochelle<\/a> bezoeken, met al hun erfgoed en natuurlijke bezienswaardigheden die je niet mag missen!<\/p>\n<\/div>\n\n\n\n<div class=\"wp-block-column is-layout-flow wp-block-column-is-layout-flow\">\n<figure class=\"wp-block-image size-large has-custom-border is-style-default animated fadeInRight slow\"><img data-dominant-color=\"c6c7c3\" data-has-transparency=\"false\" loading=\"lazy\" decoding=\"async\" width=\"1067\" height=\"1067\" sizes=\"auto, (max-width: min(calc(100% - 15vw), 1024px)) 100vw, min(calc(100% - 15vw), 1024px)\" src=\"https:\/\/www.campinglesmizottes.fr\/wp-content\/uploads\/sites\/82\/2025\/03\/Faute-sur-Mer-edited.jpg\" alt=\"Faute sur Mer\" class=\"wp-image-11467 not-transparent\" style=\"--dominant-color: #c6c7c3; border-top-left-radius:2rem;border-bottom-left-radius:2rem;aspect-ratio:1;object-fit:cover\" srcset=\"https:\/\/www.campinglesmizottes.fr\/wp-content\/uploads\/sites\/82\/2025\/03\/Faute-sur-Mer-edited.jpg 1067w, https:\/\/www.campinglesmizottes.fr\/wp-content\/uploads\/sites\/82\/2025\/03\/Faute-sur-Mer-edited-300x300.jpg 300w, https:\/\/www.campinglesmizottes.fr\/wp-content\/uploads\/sites\/82\/2025\/03\/Faute-sur-Mer-edited-1024x1024.jpg 1024w, https:\/\/www.campinglesmizottes.fr\/wp-content\/uploads\/sites\/82\/2025\/03\/Faute-sur-Mer-edited-150x150.jpg 150w, https:\/\/www.campinglesmizottes.fr\/wp-content\/uploads\/sites\/82\/2025\/03\/Faute-sur-Mer-edited-768x768.jpg 768w\" \/><\/figure>\n<\/div>\n<\/div>\n<\/div>\n\n<div class=\"wp-block-group has-background is-layout-constrained wp-container-core-group-is-layout-fefbaab8 wp-block-group-is-layout-constrained\" style=\"background-color:#e6a74324;margin-top:0;margin-bottom:0;padding-top:var(--wp--preset--spacing--80);padding-bottom:var(--wp--preset--spacing--80)\">\n<div style=\"height:19px\" aria-hidden=\"true\" class=\"wp-block-spacer\"><\/div>\n\n\n\n<h2 class=\"wp-block-heading has-text-align-center has-color-2-color has-text-color has-large-font-size\" style=\"font-style:normal;font-weight:500\">Ontdek de v\u00e9lodys\u00e9e, lu\u00e7on en het marais poitevin<\/h2>\n\n\n\r\n<div \r\n     \r\n    class=\"gt-maillage-block\" \r\n    style=\"\"\r\n>\r\n\r\n    \r\n        \r\n        <article \r\n    class=\"gt-cta gt-cta--page\" \r\n    style=\"aspect-ratio:1\/1\"\r\n>\r\n    <a href=\"https:\/\/www.campinglesmizottes.fr\/nl\/velodyssee\/\" title=\"V\u00e9lodyss\u00e9e\" class=\"gt-cta__link\">\r\n        <div class=\"gt-cta__thumb\">\r\n                            <img alt=\"10\" loading=\"lazy\" decoding=\"async\" width=\"2025\" height=\"1350\" src=\"https:\/\/www.campinglesmizottes.fr\/wp-content\/uploads\/sites\/82\/2025\/03\/10.webp\" class=\"attachment-full size-full not-transparent wp-post-image\" alt=\"\" srcset=\"https:\/\/www.campinglesmizottes.fr\/wp-content\/uploads\/sites\/82\/2025\/03\/10.webp 2025w, https:\/\/www.campinglesmizottes.fr\/wp-content\/uploads\/sites\/82\/2025\/03\/10-300x200.webp 300w, https:\/\/www.campinglesmizottes.fr\/wp-content\/uploads\/sites\/82\/2025\/03\/10-1024x683.webp 1024w, https:\/\/www.campinglesmizottes.fr\/wp-content\/uploads\/sites\/82\/2025\/03\/10-768x512.webp 768w, https:\/\/www.campinglesmizottes.fr\/wp-content\/uploads\/sites\/82\/2025\/03\/10-1536x1024.webp 1536w\" sizes=\"auto, (max-width: 2025px) 100vw, 2025px\" data-has-transparency=\"false\" data-dominant-color=\"837a58\" style=\"--dominant-color: #837a58;\" \/>                    <\/div>\r\n        <div class=\"gt-cta__content\">\r\n            <div class=\"gt-cta__title\">\r\n                V\u00e9lodyss\u00e9e            <\/div>\r\n        <\/div>\r\n    <\/a>\r\n<\/article>\r\n    \r\n        <article \r\n    class=\"gt-cta gt-cta--page\" \r\n    style=\"aspect-ratio:1\/1\"\r\n>\r\n    <a href=\"https:\/\/www.campinglesmizottes.fr\/nl\/visiter-lucon\/\" title=\"Lu\u00e7on\" class=\"gt-cta__link\">\r\n        <div class=\"gt-cta__thumb\">\r\n                            <img alt=\"Lucon Parc floral de la Presquile 2\" loading=\"lazy\" decoding=\"async\" width=\"2023\" height=\"1350\" src=\"https:\/\/www.campinglesmizottes.fr\/wp-content\/uploads\/sites\/82\/2025\/03\/Lucon-Parc-floral-de-la-Presquile-2.webp\" class=\"attachment-full size-full not-transparent wp-post-image\" alt=\"\" srcset=\"https:\/\/www.campinglesmizottes.fr\/wp-content\/uploads\/sites\/82\/2025\/03\/Lucon-Parc-floral-de-la-Presquile-2.webp 2023w, https:\/\/www.campinglesmizottes.fr\/wp-content\/uploads\/sites\/82\/2025\/03\/Lucon-Parc-floral-de-la-Presquile-2-300x200.webp 300w, https:\/\/www.campinglesmizottes.fr\/wp-content\/uploads\/sites\/82\/2025\/03\/Lucon-Parc-floral-de-la-Presquile-2-1024x683.webp 1024w, https:\/\/www.campinglesmizottes.fr\/wp-content\/uploads\/sites\/82\/2025\/03\/Lucon-Parc-floral-de-la-Presquile-2-768x513.webp 768w, https:\/\/www.campinglesmizottes.fr\/wp-content\/uploads\/sites\/82\/2025\/03\/Lucon-Parc-floral-de-la-Presquile-2-1536x1025.webp 1536w\" sizes=\"auto, (max-width: 2023px) 100vw, 2023px\" data-has-transparency=\"false\" data-dominant-color=\"777578\" style=\"--dominant-color: #777578;\" \/>                    <\/div>\r\n        <div class=\"gt-cta__content\">\r\n            <div class=\"gt-cta__title\">\r\n                Lu\u00e7on            <\/div>\r\n        <\/div>\r\n    <\/a>\r\n<\/article>\r\n    \r\n        <article \r\n    class=\"gt-cta gt-cta--page\" \r\n    style=\"aspect-ratio:1\/1\"\r\n>\r\n    <a href=\"https:\/\/www.campinglesmizottes.fr\/nl\/visiter-marais-poitevin\/\" title=\"Poitevin moerassen\" class=\"gt-cta__link\">\r\n        <div class=\"gt-cta__thumb\">\r\n                            <img alt=\"camping pas cher marais poitevin\" loading=\"lazy\" decoding=\"async\" width=\"2000\" height=\"1333\" src=\"https:\/\/www.campinglesmizottes.fr\/wp-content\/uploads\/sites\/82\/2025\/03\/camping-pas-cher-marais-poitevin.webp\" class=\"attachment-full size-full not-transparent wp-post-image\" alt=\"\" srcset=\"https:\/\/www.campinglesmizottes.fr\/wp-content\/uploads\/sites\/82\/2025\/03\/camping-pas-cher-marais-poitevin.webp 2000w, https:\/\/www.campinglesmizottes.fr\/wp-content\/uploads\/sites\/82\/2025\/03\/camping-pas-cher-marais-poitevin-300x200.webp 300w, https:\/\/www.campinglesmizottes.fr\/wp-content\/uploads\/sites\/82\/2025\/03\/camping-pas-cher-marais-poitevin-1024x682.webp 1024w, https:\/\/www.campinglesmizottes.fr\/wp-content\/uploads\/sites\/82\/2025\/03\/camping-pas-cher-marais-poitevin-768x512.webp 768w, https:\/\/www.campinglesmizottes.fr\/wp-content\/uploads\/sites\/82\/2025\/03\/camping-pas-cher-marais-poitevin-1536x1024.webp 1536w\" sizes=\"auto, (max-width: 2000px) 100vw, 2000px\" data-has-transparency=\"false\" data-dominant-color=\"464c1c\" style=\"--dominant-color: #464c1c;\" \/>                    <\/div>\r\n        <div class=\"gt-cta__content\">\r\n            <div class=\"gt-cta__title\">\r\n                Poitevin moerassen            <\/div>\r\n        <\/div>\r\n    <\/a>\r\n<\/article>\r\n            \r\n<\/div>\n\n\n<div style=\"height:23px\" aria-hidden=\"true\" class=\"wp-block-spacer\"><\/div>\n<\/div>\n\n<p><\/p>\n","protected":false},"excerpt":{"rendered":"<p>La Faute-sur-Mer Vanaf onze camping in Saint-Michel-en-l&#8217;Herm, Les Mizottes, kunt u La Faute-sur-Mer bezoeken, een beroemde badplaats in het zuiden van de Vend\u00e9e. Kies een van onze huuraccommodaties in een stacaravan in de Vend\u00e9e of een ongewone accommodatie in de buurt van La Tranche-sur-Mer en begin aan uw bezoek! Wat te zien in La Faute-sur-Mer [&hellip;]<\/p>\n","protected":false},"author":1,"featured_media":13382,"parent":0,"menu_order":38,"comment_status":"closed","ping_status":"closed","template":"","meta":{"_acf_changed":false,"footnotes":""},"class_list":["post-13381","page","type-page","status-publish","has-post-thumbnail","hentry"],"acf":[],"yoast_head":"<!-- This site is optimized with the Yoast SEO plugin v24.8.1 - https:\/\/yoast.com\/wordpress\/plugins\/seo\/ -->\n<title>La Faute-sur-Mer bezoeken | Activiteiten, La Faute-sur-Mer bezoeken<\/title>\n<meta name=\"description\" content=\"La Faute-sur-Mer en zijn grote zandstranden op 5 km van de camping Les Mizottes\" \/>\n<meta name=\"robots\" content=\"index, follow, max-snippet:-1, max-image-preview:large, max-video-preview:-1\" \/>\n<link rel=\"canonical\" href=\"https:\/\/www.campinglesmizottes.fr\/nl\/la-faute-sur-mer\/\" \/>\n<meta property=\"og:locale\" content=\"nl_NL\" \/>\n<meta property=\"og:type\" content=\"article\" \/>\n<meta property=\"og:title\" content=\"La Faute-sur-Mer bezoeken | Activiteiten, La Faute-sur-Mer bezoeken\" \/>\n<meta property=\"og:description\" content=\"La Faute-sur-Mer en zijn grote zandstranden op 5 km van de camping Les Mizottes\" \/>\n<meta property=\"og:url\" content=\"https:\/\/www.campinglesmizottes.fr\/nl\/la-faute-sur-mer\/\" \/>\n<meta property=\"og:site_name\" content=\"Camping les Mizottes\" \/>\n<meta property=\"article:modified_time\" content=\"2025-04-14T07:56:49+00:00\" \/>\n<meta property=\"og:image\" content=\"https:\/\/www.campinglesmizottes.fr\/wp-content\/uploads\/sites\/82\/2025\/03\/Pointe-dArcay-1.webp\" \/>\n\t<meta property=\"og:image:width\" content=\"2024\" \/>\n\t<meta property=\"og:image:height\" content=\"1350\" \/>\n\t<meta property=\"og:image:type\" content=\"image\/webp\" \/>\n<meta name=\"twitter:card\" content=\"summary_large_image\" \/>\n<meta name=\"twitter:label1\" content=\"Geschatte leestijd\" \/>\n\t<meta name=\"twitter:data1\" content=\"2 minuten\" \/>\n<script type=\"application\/ld+json\" class=\"yoast-schema-graph\">{\"@context\":\"https:\/\/schema.org\",\"@graph\":[{\"@type\":\"WebPage\",\"@id\":\"https:\/\/www.campinglesmizottes.fr\/nl\/la-faute-sur-mer\/\",\"url\":\"https:\/\/www.campinglesmizottes.fr\/nl\/la-faute-sur-mer\/\",\"name\":\"La Faute-sur-Mer bezoeken | Activiteiten, La Faute-sur-Mer bezoeken\",\"isPartOf\":{\"@id\":\"https:\/\/www.campinglesmizottes.fr\/nl\/#website\"},\"primaryImageOfPage\":{\"@id\":\"https:\/\/www.campinglesmizottes.fr\/nl\/la-faute-sur-mer\/#primaryimage\"},\"image\":{\"@id\":\"https:\/\/www.campinglesmizottes.fr\/nl\/la-faute-sur-mer\/#primaryimage\"},\"thumbnailUrl\":\"https:\/\/www.campinglesmizottes.fr\/wp-content\/uploads\/sites\/82\/2025\/03\/Pointe-dArcay-1.webp\",\"datePublished\":\"2025-03-17T10:59:56+00:00\",\"dateModified\":\"2025-04-14T07:56:49+00:00\",\"description\":\"La Faute-sur-Mer en zijn grote zandstranden op 5 km van de camping Les Mizottes\",\"breadcrumb\":{\"@id\":\"https:\/\/www.campinglesmizottes.fr\/nl\/la-faute-sur-mer\/#breadcrumb\"},\"inLanguage\":\"nl-NL\",\"potentialAction\":[{\"@type\":\"ReadAction\",\"target\":[\"https:\/\/www.campinglesmizottes.fr\/nl\/la-faute-sur-mer\/\"]}]},{\"@type\":\"ImageObject\",\"inLanguage\":\"nl-NL\",\"@id\":\"https:\/\/www.campinglesmizottes.fr\/nl\/la-faute-sur-mer\/#primaryimage\",\"url\":\"https:\/\/www.campinglesmizottes.fr\/wp-content\/uploads\/sites\/82\/2025\/03\/Pointe-dArcay-1.webp\",\"contentUrl\":\"https:\/\/www.campinglesmizottes.fr\/wp-content\/uploads\/sites\/82\/2025\/03\/Pointe-dArcay-1.webp\",\"width\":2024,\"height\":1350},{\"@type\":\"BreadcrumbList\",\"@id\":\"https:\/\/www.campinglesmizottes.fr\/nl\/la-faute-sur-mer\/#breadcrumb\",\"itemListElement\":[{\"@type\":\"ListItem\",\"position\":1,\"name\":\"Accueil\",\"item\":\"https:\/\/www.campinglesmizottes.fr\/nl\/\"},{\"@type\":\"ListItem\",\"position\":2,\"name\":\"Ontdek La Faute-sur-Mer\"}]},{\"@type\":\"WebSite\",\"@id\":\"https:\/\/www.campinglesmizottes.fr\/nl\/#website\",\"url\":\"https:\/\/www.campinglesmizottes.fr\/nl\/\",\"name\":\"Camping les Mizottes\",\"description\":\"\",\"publisher\":{\"@id\":\"https:\/\/www.campinglesmizottes.fr\/nl\/#organization\"},\"potentialAction\":[{\"@type\":\"SearchAction\",\"target\":{\"@type\":\"EntryPoint\",\"urlTemplate\":\"https:\/\/www.campinglesmizottes.fr\/nl\/?s={search_term_string}\"},\"query-input\":{\"@type\":\"PropertyValueSpecification\",\"valueRequired\":true,\"valueName\":\"search_term_string\"}}],\"inLanguage\":\"nl-NL\"},{\"@type\":\"Organization\",\"@id\":\"https:\/\/www.campinglesmizottes.fr\/nl\/#organization\",\"name\":\"Camping les Mizottes\",\"url\":\"https:\/\/www.campinglesmizottes.fr\/nl\/\",\"logo\":{\"@type\":\"ImageObject\",\"inLanguage\":\"nl-NL\",\"@id\":\"https:\/\/www.campinglesmizottes.fr\/nl\/#\/schema\/logo\/image\/\",\"url\":\"https:\/\/www.campinglesmizottes.fr\/wp-content\/uploads\/sites\/82\/2025\/03\/logo-campinglesmizottes-vendee.jpg\",\"contentUrl\":\"https:\/\/www.campinglesmizottes.fr\/wp-content\/uploads\/sites\/82\/2025\/03\/logo-campinglesmizottes-vendee.jpg\",\"width\":360,\"height\":360,\"caption\":\"Camping les Mizottes\"},\"image\":{\"@id\":\"https:\/\/www.campinglesmizottes.fr\/nl\/#\/schema\/logo\/image\/\"}}]}<\/script>\n<!-- \/ Yoast SEO plugin. -->","yoast_head_json":{"title":"La Faute-sur-Mer bezoeken | Activiteiten, La Faute-sur-Mer bezoeken","description":"La Faute-sur-Mer en zijn grote zandstranden op 5 km van de camping Les Mizottes","robots":{"index":"index","follow":"follow","max-snippet":"max-snippet:-1","max-image-preview":"max-image-preview:large","max-video-preview":"max-video-preview:-1"},"canonical":"https:\/\/www.campinglesmizottes.fr\/nl\/la-faute-sur-mer\/","og_locale":"nl_NL","og_type":"article","og_title":"La Faute-sur-Mer bezoeken | Activiteiten, La Faute-sur-Mer bezoeken","og_description":"La Faute-sur-Mer en zijn grote zandstranden op 5 km van de camping Les Mizottes","og_url":"https:\/\/www.campinglesmizottes.fr\/nl\/la-faute-sur-mer\/","og_site_name":"Camping les Mizottes","article_modified_time":"2025-04-14T07:56:49+00:00","og_image":[{"width":2024,"height":1350,"url":"https:\/\/www.campinglesmizottes.fr\/wp-content\/uploads\/sites\/82\/2025\/03\/Pointe-dArcay-1.webp","type":"image\/webp"}],"twitter_card":"summary_large_image","twitter_misc":{"Geschatte leestijd":"2 minuten"},"schema":{"@context":"https:\/\/schema.org","@graph":[{"@type":"WebPage","@id":"https:\/\/www.campinglesmizottes.fr\/nl\/la-faute-sur-mer\/","url":"https:\/\/www.campinglesmizottes.fr\/nl\/la-faute-sur-mer\/","name":"La Faute-sur-Mer bezoeken | Activiteiten, La Faute-sur-Mer bezoeken","isPartOf":{"@id":"https:\/\/www.campinglesmizottes.fr\/nl\/#website"},"primaryImageOfPage":{"@id":"https:\/\/www.campinglesmizottes.fr\/nl\/la-faute-sur-mer\/#primaryimage"},"image":{"@id":"https:\/\/www.campinglesmizottes.fr\/nl\/la-faute-sur-mer\/#primaryimage"},"thumbnailUrl":"https:\/\/www.campinglesmizottes.fr\/wp-content\/uploads\/sites\/82\/2025\/03\/Pointe-dArcay-1.webp","datePublished":"2025-03-17T10:59:56+00:00","dateModified":"2025-04-14T07:56:49+00:00","description":"La Faute-sur-Mer en zijn grote zandstranden op 5 km van de camping Les Mizottes","breadcrumb":{"@id":"https:\/\/www.campinglesmizottes.fr\/nl\/la-faute-sur-mer\/#breadcrumb"},"inLanguage":"nl-NL","potentialAction":[{"@type":"ReadAction","target":["https:\/\/www.campinglesmizottes.fr\/nl\/la-faute-sur-mer\/"]}]},{"@type":"ImageObject","inLanguage":"nl-NL","@id":"https:\/\/www.campinglesmizottes.fr\/nl\/la-faute-sur-mer\/#primaryimage","url":"https:\/\/www.campinglesmizottes.fr\/wp-content\/uploads\/sites\/82\/2025\/03\/Pointe-dArcay-1.webp","contentUrl":"https:\/\/www.campinglesmizottes.fr\/wp-content\/uploads\/sites\/82\/2025\/03\/Pointe-dArcay-1.webp","width":2024,"height":1350},{"@type":"BreadcrumbList","@id":"https:\/\/www.campinglesmizottes.fr\/nl\/la-faute-sur-mer\/#breadcrumb","itemListElement":[{"@type":"ListItem","position":1,"name":"Accueil","item":"https:\/\/www.campinglesmizottes.fr\/nl\/"},{"@type":"ListItem","position":2,"name":"Ontdek La Faute-sur-Mer"}]},{"@type":"WebSite","@id":"https:\/\/www.campinglesmizottes.fr\/nl\/#website","url":"https:\/\/www.campinglesmizottes.fr\/nl\/","name":"Camping les Mizottes","description":"","publisher":{"@id":"https:\/\/www.campinglesmizottes.fr\/nl\/#organization"},"potentialAction":[{"@type":"SearchAction","target":{"@type":"EntryPoint","urlTemplate":"https:\/\/www.campinglesmizottes.fr\/nl\/?s={search_term_string}"},"query-input":{"@type":"PropertyValueSpecification","valueRequired":true,"valueName":"search_term_string"}}],"inLanguage":"nl-NL"},{"@type":"Organization","@id":"https:\/\/www.campinglesmizottes.fr\/nl\/#organization","name":"Camping les Mizottes","url":"https:\/\/www.campinglesmizottes.fr\/nl\/","logo":{"@type":"ImageObject","inLanguage":"nl-NL","@id":"https:\/\/www.campinglesmizottes.fr\/nl\/#\/schema\/logo\/image\/","url":"https:\/\/www.campinglesmizottes.fr\/wp-content\/uploads\/sites\/82\/2025\/03\/logo-campinglesmizottes-vendee.jpg","contentUrl":"https:\/\/www.campinglesmizottes.fr\/wp-content\/uploads\/sites\/82\/2025\/03\/logo-campinglesmizottes-vendee.jpg","width":360,"height":360,"caption":"Camping les Mizottes"},"image":{"@id":"https:\/\/www.campinglesmizottes.fr\/nl\/#\/schema\/logo\/image\/"}}]}},"_links":{"self":[{"href":"https:\/\/www.campinglesmizottes.fr\/nl\/wp-json\/wp\/v2\/pages\/13381","targetHints":{"allow":["GET"]}}],"collection":[{"href":"https:\/\/www.campinglesmizottes.fr\/nl\/wp-json\/wp\/v2\/pages"}],"about":[{"href":"https:\/\/www.campinglesmizottes.fr\/nl\/wp-json\/wp\/v2\/types\/page"}],"author":[{"embeddable":true,"href":"https:\/\/www.campinglesmizottes.fr\/nl\/wp-json\/wp\/v2\/users\/1"}],"replies":[{"embeddable":true,"href":"https:\/\/www.campinglesmizottes.fr\/nl\/wp-json\/wp\/v2\/comments?post=13381"}],"version-history":[{"count":1,"href":"https:\/\/www.campinglesmizottes.fr\/nl\/wp-json\/wp\/v2\/pages\/13381\/revisions"}],"predecessor-version":[{"id":13389,"href":"https:\/\/www.campinglesmizottes.fr\/nl\/wp-json\/wp\/v2\/pages\/13381\/revisions\/13389"}],"wp:featuredmedia":[{"embeddable":true,"href":"https:\/\/www.campinglesmizottes.fr\/nl\/wp-json\/wp\/v2\/media\/13382"}],"wp:attachment":[{"href":"https:\/\/www.campinglesmizottes.fr\/nl\/wp-json\/wp\/v2\/media?parent=13381"}],"curies":[{"name":"wp","href":"https:\/\/api.w.org\/{rel}","templated":true}]}}