{"id":13211,"date":"2025-03-17T11:05:13","date_gmt":"2025-03-17T10:05:13","guid":{"rendered":"https:\/\/www.campinglesmizottes.fr\/sud-vendee\/"},"modified":"2025-04-14T09:56:43","modified_gmt":"2025-04-14T07:56:43","slug":"sud-vendee","status":"publish","type":"page","link":"https:\/\/www.campinglesmizottes.fr\/nl\/sud-vendee\/","title":{"rendered":"Zuid-Vend\u00e9e"},"content":{"rendered":"\n<div class=\"wp-block-group is-layout-constrained wp-container-core-group-is-layout-643bee0f wp-block-group-is-layout-constrained\" style=\"padding-top:5.2rem;padding-bottom:var(--wp--preset--spacing--80)\">\n<h1 class=\"wp-block-heading alignwide has-text-align-center has-link-color-color has-text-color has-x-large-font-size\" style=\"margin-top:0;margin-right:0;margin-bottom:var(--wp--preset--spacing--80);margin-left:0;text-transform:capitalize\">Bezoek aan Zuid-Vend\u00e9e<\/h1>\n\n\n\n<p class=\"has-text-align-center\">Vanaf onze <a href=\"https:\/\/www.campinglesmizottes.fr\/nl\/\">camping in de buurt van La tranche-sur-Mer<\/a>, Les Mizottes, bent u perfect geplaatst om <strong>de zuidelijke Vend\u00e9e te bezoeken<\/strong>. Hieronder vindt u een selectie van plaatsen die u niet mag missen tijdens uw verblijf op <a href=\"https:\/\/www.campinglesmizottes.fr\/nl\/camping-pas-cher-vendee\/\">onze camping in de Vend\u00e9e<\/a>.   <\/p>\n\n\n\n<div style=\"height:65px\" aria-hidden=\"true\" class=\"wp-block-spacer\"><\/div>\n\n\n\n<div class=\"wp-block-columns is-style-default is-layout-flex wp-container-core-columns-is-layout-1da03c2a wp-block-columns-is-layout-flex\">\n<div class=\"wp-block-column is-vertically-aligned-top is-layout-flow wp-container-core-column-is-layout-3f7b68c1 wp-block-column-is-layout-flow\" style=\"padding-top:0;padding-bottom:0;flex-basis:30%\">\n<div class=\"wp-block-group animated fadeInLeft delay-200ms is-layout-flow wp-block-group-is-layout-flow\">\n<figure class=\"wp-block-image size-full has-custom-border\"><img data-dominant-color=\"464c1c\" data-has-transparency=\"false\" loading=\"lazy\" decoding=\"async\" width=\"2000\" height=\"1333\" sizes=\"auto, (max-width: min(calc(100% - 15vw), 2000px)) 100vw, min(calc(100% - 15vw), 2000px)\" src=\"https:\/\/www.campinglesmizottes.fr\/wp-content\/uploads\/sites\/82\/2025\/03\/camping-pas-cher-marais-poitevin.webp\" alt=\"goedkoop camping marais poitevin\" class=\"wp-image-11759 not-transparent\" style=\"--dominant-color: #464c1c; border-top-left-radius:2rem;aspect-ratio:1;object-fit:cover\" srcset=\"https:\/\/www.campinglesmizottes.fr\/wp-content\/uploads\/sites\/82\/2025\/03\/camping-pas-cher-marais-poitevin.webp 2000w, https:\/\/www.campinglesmizottes.fr\/wp-content\/uploads\/sites\/82\/2025\/03\/camping-pas-cher-marais-poitevin-300x200.webp 300w, https:\/\/www.campinglesmizottes.fr\/wp-content\/uploads\/sites\/82\/2025\/03\/camping-pas-cher-marais-poitevin-1024x682.webp 1024w, https:\/\/www.campinglesmizottes.fr\/wp-content\/uploads\/sites\/82\/2025\/03\/camping-pas-cher-marais-poitevin-768x512.webp 768w, https:\/\/www.campinglesmizottes.fr\/wp-content\/uploads\/sites\/82\/2025\/03\/camping-pas-cher-marais-poitevin-1536x1024.webp 1536w\" \/><\/figure>\n\n\n\n<figure class=\"wp-block-image size-full\"><img data-dominant-color=\"677a52\" data-has-transparency=\"false\" loading=\"lazy\" decoding=\"async\" width=\"2048\" height=\"1177\" sizes=\"auto, (max-width: min(calc(100% - 15vw), 2048px)) 100vw, min(calc(100% - 15vw), 2048px)\" src=\"https:\/\/www.campinglesmizottes.fr\/wp-content\/uploads\/sites\/82\/2025\/03\/Visiter-le-Marais-Poitevin-scaled-1-scaled.webp\" alt=\"Een bezoek aan de Marais Poitevin geschaald\" class=\"wp-image-12261 not-transparent\" style=\"--dominant-color: #677a52; aspect-ratio:16\/9;object-fit:cover\" srcset=\"https:\/\/www.campinglesmizottes.fr\/wp-content\/uploads\/sites\/82\/2025\/03\/Visiter-le-Marais-Poitevin-scaled-1-scaled.webp 2048w, https:\/\/www.campinglesmizottes.fr\/wp-content\/uploads\/sites\/82\/2025\/03\/Visiter-le-Marais-Poitevin-scaled-1-300x172.webp 300w, https:\/\/www.campinglesmizottes.fr\/wp-content\/uploads\/sites\/82\/2025\/03\/Visiter-le-Marais-Poitevin-scaled-1-1024x589.webp 1024w, https:\/\/www.campinglesmizottes.fr\/wp-content\/uploads\/sites\/82\/2025\/03\/Visiter-le-Marais-Poitevin-scaled-1-768x441.webp 768w, https:\/\/www.campinglesmizottes.fr\/wp-content\/uploads\/sites\/82\/2025\/03\/Visiter-le-Marais-Poitevin-scaled-1-1536x883.webp 1536w\" \/><\/figure>\n<\/div>\n<\/div>\n\n\n\n<div class=\"wp-block-column is-vertically-aligned-top is-layout-flow wp-container-core-column-is-layout-a77db08e wp-block-column-is-layout-flow\" style=\"flex-basis:30%\">\n<figure class=\"wp-block-image alignleft size-full has-custom-border animated fadeInLeft delay-100ms\"><img data-dominant-color=\"868269\" data-has-transparency=\"false\" loading=\"lazy\" decoding=\"async\" width=\"1536\" height=\"2048\" sizes=\"auto, (max-width: min(calc(100% - 12vw), 1536px)) 100vw, min(calc(100% - 12vw), 1536px)\" src=\"https:\/\/www.campinglesmizottes.fr\/wp-content\/uploads\/sites\/82\/2025\/03\/MARAIS-POITEVIN-BIRARD-edited-scaled-2-scaled.webp\" alt=\"MARAIS POITEVIN BIRARD bewerkt geschaald\" class=\"wp-image-12259 not-transparent\" style=\"--dominant-color: #868269; border-bottom-right-radius:2rem;aspect-ratio:0.5625;object-fit:cover\" srcset=\"https:\/\/www.campinglesmizottes.fr\/wp-content\/uploads\/sites\/82\/2025\/03\/MARAIS-POITEVIN-BIRARD-edited-scaled-2-scaled.webp 1536w, https:\/\/www.campinglesmizottes.fr\/wp-content\/uploads\/sites\/82\/2025\/03\/MARAIS-POITEVIN-BIRARD-edited-scaled-2-225x300.webp 225w, https:\/\/www.campinglesmizottes.fr\/wp-content\/uploads\/sites\/82\/2025\/03\/MARAIS-POITEVIN-BIRARD-edited-scaled-2-768x1024.webp 768w, https:\/\/www.campinglesmizottes.fr\/wp-content\/uploads\/sites\/82\/2025\/03\/MARAIS-POITEVIN-BIRARD-edited-scaled-2-1152x1536.webp 1152w\" \/><\/figure>\n<\/div>\n\n\n\n<div class=\"wp-block-column is-layout-flow wp-block-column-is-layout-flow\" style=\"flex-basis:40%\">\n<h2 class=\"wp-block-heading has-color-2-color has-text-color has-link-color has-poppins-font-family has-large-font-size wp-elements-f61bab6d6477ff16d8b91491e8d39068\" style=\"margin-top:var(--wp--preset--spacing--20);margin-bottom:var(--wp--preset--spacing--60);font-style:normal;font-weight:500;line-height:1\">Zuidelijke Vend\u00e9e: ontdek het Marais Poitevin, het groene Veneti\u00eb  <\/h2>\n\n\n\n<figure class=\"wp-block-image size-full is-resized wp-duotone-1b79bf-rgb27121191-1\"><img loading=\"lazy\" decoding=\"async\" width=\"146\" height=\"22\" sizes=\"auto, (max-width: min(calc(100% - 15vw), 133px)) 100vw, min(calc(100% - 15vw), 133px)\" src=\"https:\/\/www.campinglesmizottes.fr\/wp-content\/uploads\/sites\/82\/2023\/08\/separator.png\" alt=\"scheider\" class=\"wp-image-5772\" style=\"width:133px;height:auto\"\/><\/figure>\n\n\n\n<p>Ontdek het <a href=\"https:\/\/www.campinglesmizottes.fr\/nl\/visiter-marais-poitevin\/\">Marais Poitevin<\/a>, een uniek natuurgebied met de bijnaam Groen Veneti\u00eb. Huur een traditionele boot of kano en vaar door een labyrint van kanalen omzoomd met groen en ontmoet een uitzonderlijke flora en fauna. Pittoreske dorpjes zoals Maillezais en Coulon bieden culturele bezoeken en gastronomische stops om lokale specialiteiten te proeven. Het is een ontspannen uitje met een verandering van omgeving die je niet mag missen tijdens je verblijf in Sud Vend\u00e9e!   <\/p>\n<\/div>\n<\/div>\n<\/div>\n\n<div class=\"wp-block-group overflow-hidden has-color-4-background-color has-background is-layout-flow wp-block-group-is-layout-flow\" style=\"margin-top:var(--wp--preset--spacing--80);margin-bottom:var(--wp--preset--spacing--80);padding-top:var(--wp--preset--spacing--80);padding-bottom:var(--wp--preset--spacing--80)\">\n<div class=\"wp-block-columns is-layout-flex wp-container-core-columns-is-layout-28232c24 wp-block-columns-is-layout-flex\">\n<div class=\"wp-block-column is-vertically-aligned-center is-layout-constrained wp-container-core-column-is-layout-e3b6657a wp-block-column-is-layout-constrained\" style=\"padding-top:var(--wp--preset--spacing--60);padding-right:var(--wp--preset--spacing--60);padding-bottom:var(--wp--preset--spacing--60);padding-left:var(--wp--preset--spacing--60);flex-basis:60%\">\n<h2 class=\"wp-block-heading has-color-1-color has-text-color has-poppins-font-family has-large-font-size\" style=\"margin-top:0;margin-right:0;margin-bottom:0;margin-left:0;font-style:normal;font-weight:500;line-height:1\">Stranden en watersporten in Sud Vend\u00e9e<\/h2>\n\n\n\n<figure class=\"wp-block-image size-full is-resized wp-duotone-1b79bf-rgb27121191-2\"><img loading=\"lazy\" decoding=\"async\" width=\"146\" height=\"22\" sizes=\"auto, (max-width: min(calc(100% - 15vw), 133px)) 100vw, min(calc(100% - 15vw), 133px)\" src=\"https:\/\/www.campinglesmizottes.fr\/wp-content\/uploads\/sites\/82\/2023\/08\/separator.png\" alt=\"scheider\" class=\"wp-image-5772\" style=\"width:133px;height:auto\"\/><\/figure>\n\n\n\n<p>De kustlijn van de Vend\u00e9e is een ideaal speelterrein voor liefhebbers van ontspanning en watersport. Geniet van de fijne zandstranden van <a href=\"https:\/\/www.campinglesmizottes.fr\/nl\/visite-la-tranche-sur-mer\/\">La Tranche-sur-Mer<\/a>, <a href=\"https:\/\/www.campinglesmizottes.fr\/nl\/l-aiguillon-sur-mer-html\/\">L&#8217;Aiguillon-sur-Mer <\/a> of La <a href=\"https:\/\/www.campinglesmizottes.fr\/nl\/la-faute-sur-mer\/\">Faute-sur-Mer<\/a>, perfect om te zwemmen en te wandelen langs de kust. Liefhebbers van sneeuwsporten kunnen zich wagen aan surfen, paddleboarden of strandzeilen, terwijl gezinnen dol zullen zijn op de watersportcentra met activiteiten voor alle leeftijden.  <\/p>\n<\/div>\n\n\n\n<div class=\"wp-block-column animated fadeInRight slow is-layout-flow wp-block-column-is-layout-flow\">\n<figure class=\"wp-block-image size-full has-custom-border is-style-default\"><img data-dominant-color=\"7c6f58\" data-has-transparency=\"false\" loading=\"lazy\" decoding=\"async\" width=\"1638\" height=\"2048\" sizes=\"auto, (max-width: min(calc(100% - 15vw), 1638px)) 100vw, min(calc(100% - 15vw), 1638px)\" src=\"https:\/\/www.campinglesmizottes.fr\/wp-content\/uploads\/sites\/82\/2025\/03\/La_Pointe_de_lAiguillon_-_Reserve_naturelle_nationale_de_la_Baie_de_lAiguillon_-_Vendee-scaled.webp\" alt=\"Pointe de l'Aiguillon Baie de l'Aiguillon Nationaal Natuurreservaat Vend&#xE9;e\" class=\"wp-image-12267 not-transparent\" style=\"--dominant-color: #7c6f58; border-top-left-radius:2rem;border-bottom-left-radius:2rem;aspect-ratio:1;object-fit:cover\" srcset=\"https:\/\/www.campinglesmizottes.fr\/wp-content\/uploads\/sites\/82\/2025\/03\/La_Pointe_de_lAiguillon_-_Reserve_naturelle_nationale_de_la_Baie_de_lAiguillon_-_Vendee-scaled.webp 1638w, https:\/\/www.campinglesmizottes.fr\/wp-content\/uploads\/sites\/82\/2025\/03\/La_Pointe_de_lAiguillon_-_Reserve_naturelle_nationale_de_la_Baie_de_lAiguillon_-_Vendee-240x300.webp 240w, https:\/\/www.campinglesmizottes.fr\/wp-content\/uploads\/sites\/82\/2025\/03\/La_Pointe_de_lAiguillon_-_Reserve_naturelle_nationale_de_la_Baie_de_lAiguillon_-_Vendee-819x1024.webp 819w, https:\/\/www.campinglesmizottes.fr\/wp-content\/uploads\/sites\/82\/2025\/03\/La_Pointe_de_lAiguillon_-_Reserve_naturelle_nationale_de_la_Baie_de_lAiguillon_-_Vendee-768x960.webp 768w, https:\/\/www.campinglesmizottes.fr\/wp-content\/uploads\/sites\/82\/2025\/03\/La_Pointe_de_lAiguillon_-_Reserve_naturelle_nationale_de_la_Baie_de_lAiguillon_-_Vendee-1229x1536.webp 1229w\" \/><\/figure>\n<\/div>\n<\/div>\n<\/div>\n\n<div class=\"wp-block-group overflow-hidden is-layout-flow wp-block-group-is-layout-flow\" style=\"margin-top:var(--wp--preset--spacing--80);margin-bottom:var(--wp--preset--spacing--80);padding-top:var(--wp--preset--spacing--80);padding-bottom:var(--wp--preset--spacing--80)\">\n<div class=\"wp-block-columns is-layout-flex wp-container-core-columns-is-layout-28232c24 wp-block-columns-is-layout-flex\">\n<div class=\"wp-block-column is-vertically-aligned-center is-layout-flow wp-block-column-is-layout-flow\">\n<figure class=\"wp-block-image size-full has-custom-border is-style-default animated fadeInLeft slow\"><img data-dominant-color=\"9a9593\" data-has-transparency=\"false\" loading=\"lazy\" decoding=\"async\" width=\"800\" height=\"800\" sizes=\"auto, (max-width: min(calc(100% - 15vw), 800px)) 100vw, min(calc(100% - 15vw), 800px)\" src=\"https:\/\/www.campinglesmizottes.fr\/wp-content\/uploads\/sites\/82\/2025\/03\/abbaye-maillezais-edited.jpg\" alt=\"abdij van maillezais\" class=\"wp-image-11959 not-transparent\" style=\"--dominant-color: #9a9593; border-top-right-radius:2rem;border-bottom-right-radius:2rem;aspect-ratio:1;object-fit:cover\" srcset=\"https:\/\/www.campinglesmizottes.fr\/wp-content\/uploads\/sites\/82\/2025\/03\/abbaye-maillezais-edited.jpg 800w, https:\/\/www.campinglesmizottes.fr\/wp-content\/uploads\/sites\/82\/2025\/03\/abbaye-maillezais-edited-300x300.jpg 300w, https:\/\/www.campinglesmizottes.fr\/wp-content\/uploads\/sites\/82\/2025\/03\/abbaye-maillezais-edited-150x150.jpg 150w, https:\/\/www.campinglesmizottes.fr\/wp-content\/uploads\/sites\/82\/2025\/03\/abbaye-maillezais-edited-768x768.jpg 768w\" \/><\/figure>\n<\/div>\n\n\n\n<div class=\"wp-block-column is-vertically-aligned-center is-layout-flow wp-block-column-is-layout-flow\" style=\"padding-right:var(--wp--preset--spacing--80);padding-left:var(--wp--preset--spacing--80);flex-basis:60%\">\n<div class=\"wp-block-group is-layout-flow wp-block-group-is-layout-flow\" style=\"padding-right:var(--wp--preset--spacing--40);padding-bottom:0;padding-left:var(--wp--preset--spacing--40)\">\n<h2 class=\"wp-block-heading has-color-2-color has-text-color has-link-color has-poppins-font-family has-large-font-size wp-elements-ea3ff7912581ee850e6d73611fc37566\" style=\"font-style:normal;font-weight:500;line-height:1\">Bezoek het historische en culturele erfgoed van de Zuid-Vend\u00e9e<\/h2>\n\n\n\n<figure class=\"wp-block-image size-full is-resized wp-duotone-1b79bf-rgb27121191-3\"><img loading=\"lazy\" decoding=\"async\" width=\"146\" height=\"22\" sizes=\"auto, (max-width: min(calc(100% - 15vw), 133px)) 100vw, min(calc(100% - 15vw), 133px)\" src=\"https:\/\/www.campinglesmizottes.fr\/wp-content\/uploads\/sites\/82\/2023\/08\/separator.png\" alt=\"scheider\" class=\"wp-image-5772\" style=\"width:133px;height:auto\"\/><\/figure>\n\n\n\n<p>De zuidelijke Vend\u00e9e staat bol van de historische bezienswaardigheden. Dompel jezelf onder in het verleden met een bezoek aan de abdij van Maillezais, een juweel van middeleeuwse architectuur, of het Ch\u00e2teau de Terre-Neuve in Fontenay-le-Comte. Mis de Puy du Fou niet, uitgeroepen tot het beste park ter wereld, waar je de geschiedenis kunt herbeleven door middel van adembenemende shows. Wandel voor een echte lokale ervaring door de pittoreske dorpjes en ontdek de markt van <a href=\"https:\/\/www.campinglesmizottes.fr\/nl\/visiter-lucon\/\">Lu\u00e7on<\/a>, bekend om zijn lokale producten.   <\/p>\n<\/div>\n<\/div>\n<\/div>\n<\/div>\n\n<div class=\"wp-block-group overflow-hidden has-color-4-background-color has-background is-layout-flow wp-block-group-is-layout-flow\" style=\"margin-top:var(--wp--preset--spacing--80);margin-bottom:var(--wp--preset--spacing--80);padding-top:var(--wp--preset--spacing--80);padding-bottom:var(--wp--preset--spacing--80)\">\n<div class=\"wp-block-columns is-layout-flex wp-container-core-columns-is-layout-28232c24 wp-block-columns-is-layout-flex\">\n<div class=\"wp-block-column is-vertically-aligned-center is-layout-constrained wp-container-core-column-is-layout-e3b6657a wp-block-column-is-layout-constrained\" style=\"padding-top:var(--wp--preset--spacing--60);padding-right:var(--wp--preset--spacing--60);padding-bottom:var(--wp--preset--spacing--60);padding-left:var(--wp--preset--spacing--60);flex-basis:60%\">\n<h2 class=\"wp-block-heading has-color-1-color has-text-color has-poppins-font-family has-large-font-size\" style=\"margin-top:0;margin-right:0;margin-bottom:0;margin-left:0;font-style:normal;font-weight:500;line-height:1\">Wat kun je bezoeken in Saint-Michel-en-l&#8217;Herm?<\/h2>\n\n\n\n<figure class=\"wp-block-image size-full is-resized wp-duotone-1b79bf-rgb27121191-4\"><img loading=\"lazy\" decoding=\"async\" width=\"146\" height=\"22\" sizes=\"auto, (max-width: min(calc(100% - 15vw), 133px)) 100vw, min(calc(100% - 15vw), 133px)\" src=\"https:\/\/www.campinglesmizottes.fr\/wp-content\/uploads\/sites\/82\/2023\/08\/separator.png\" alt=\"scheider\" class=\"wp-image-5772\" style=\"width:133px;height:auto\"\/><\/figure>\n\n\n\n<p>Onze camping Les Mizottes, een <a href=\"https:\/\/www.campinglesmizottes.fr\/nl\/camping-piscines-vendee\/\">camping met zwembaden in de Vend\u00e9e<\/a>, ligt in het mooie stadje <strong>Saint-Michel-en-l&#8217;Herm<\/strong>.  <\/p>\n\n\n\n<p>De gemeente profiteert het hele jaar door van de zon en ligt in het hart van het achterland van de Vend\u00e9e. Bijzonder goed omringd en goed bereikbaar, ligt het op het kruispunt van de grote stranden van l&#8217;Aiguillon-sur-Mer, la Faute-sur-Mer en La Tranche-sur-Mer, en de meer toeristische plaatsen La Rochelle, Les Sables d&#8217;Olonne en Lu\u00e7on. <\/p>\n\n\n\n<div id=\"gt-readmore-block_a339c4017ce2716d5d45dce45618e785\" class=\"gt-readmore\">  \n        <input id=\"gt-readmore-block_a339c4017ce2716d5d45dce45618e78569f408d97264a\" type=\"checkbox\" \/>\n    <label for=\"gt-readmore-block_a339c4017ce2716d5d45dce45618e78569f408d97264a\" class=\"gt-readmore__toggle-label\">\n        <span>Meer lezen<\/span>\n        <span>Minder lezen<\/span>\n    <\/label>\n    <div class=\"gt-readmore__content\">\n        <div class=\"gt-readmore__gradient\" style=\"background: linear-gradient(to bottom,rgba(255,255,255,0) 0%,rgba(255,255,255,1) 100%);\"><\/div>\n        <div class=\"acf-innerblocks-container\">\n\n<p>Met zijn opmerkelijke geschiedenis wordt het stadscentrum gedomineerd door de voormalige Koninklijke Abdij en de aangrenzende kerk, waar je een uniek marmeren altaar kunt ontdekken. De kunst wordt hier ook vertegenwoordigd door het Andr\u00e9 DELUOL Museum, waar meer dan 150 werken van de beroemde schilder-beeldhouwer worden tentoongesteld. <\/p>\n\n\n\n<p>Het hele jaar door biedt het dorp een breed scala aan lokale diensten binnen 800 meter van de camping, waaronder banken, apotheken, bakkers, slagers, krantenwinkels en tabakswinkels, kappers, maar ook artsen, verpleegkundigen, fysiotherapeuten, osteopaten, tandartsen en dierenartsen. Elke donderdagochtend is er markt op de Place de la Mairie. <\/p>\n\n<\/div>\n    <\/div>\n<\/div><\/div>\n\n\n\n<div class=\"wp-block-column animated fadeInRight slow is-layout-flow wp-block-column-is-layout-flow\">\n<figure class=\"wp-block-image size-full has-custom-border is-style-default\"><img data-dominant-color=\"598ab2\" data-has-transparency=\"false\" loading=\"lazy\" decoding=\"async\" width=\"1350\" height=\"1350\" sizes=\"auto, (max-width: min(calc(100% - 15vw), 1350px)) 100vw, min(calc(100% - 15vw), 1350px)\" src=\"https:\/\/www.campinglesmizottes.fr\/wp-content\/uploads\/sites\/82\/2025\/03\/evasion-de-reve-a-saint-michel-en-l-herm-2-edited.webp\" alt=\"droomvlucht naar saint michel en l herm (2)\" class=\"wp-image-11981 not-transparent\" style=\"--dominant-color: #598ab2; border-top-left-radius:2rem;border-bottom-left-radius:2rem;aspect-ratio:1;object-fit:cover\" srcset=\"https:\/\/www.campinglesmizottes.fr\/wp-content\/uploads\/sites\/82\/2025\/03\/evasion-de-reve-a-saint-michel-en-l-herm-2-edited.webp 1350w, https:\/\/www.campinglesmizottes.fr\/wp-content\/uploads\/sites\/82\/2025\/03\/evasion-de-reve-a-saint-michel-en-l-herm-2-edited-300x300.webp 300w, https:\/\/www.campinglesmizottes.fr\/wp-content\/uploads\/sites\/82\/2025\/03\/evasion-de-reve-a-saint-michel-en-l-herm-2-edited-1024x1024.webp 1024w, https:\/\/www.campinglesmizottes.fr\/wp-content\/uploads\/sites\/82\/2025\/03\/evasion-de-reve-a-saint-michel-en-l-herm-2-edited-150x150.webp 150w, https:\/\/www.campinglesmizottes.fr\/wp-content\/uploads\/sites\/82\/2025\/03\/evasion-de-reve-a-saint-michel-en-l-herm-2-edited-768x768.webp 768w\" \/><\/figure>\n<\/div>\n<\/div>\n<\/div>\n\n<div class=\"wp-block-group is-layout-constrained wp-block-group-is-layout-constrained\" style=\"margin-top:var(--wp--preset--spacing--80);margin-bottom:var(--wp--preset--spacing--80);padding-top:var(--wp--preset--spacing--80);padding-bottom:var(--wp--preset--spacing--80)\">\n<div class=\"wp-block-columns is-layout-flex wp-container-core-columns-is-layout-e5e30b16 wp-block-columns-is-layout-flex\" style=\"padding-right:0;padding-left:0\">\n<div class=\"wp-block-column is-vertically-aligned-top is-layout-flow wp-container-core-column-is-layout-a704a4fb wp-block-column-is-layout-flow\" style=\"padding-top:0;padding-right:var(--wp--preset--spacing--50);padding-bottom:0\">\n<div class=\"wp-block-columns animated fadeInLeft slow is-layout-flex wp-container-core-columns-is-layout-a85f4655 wp-block-columns-is-layout-flex\">\n<div class=\"wp-block-column is-layout-flow wp-container-core-column-is-layout-f5bb311e wp-block-column-is-layout-flow\">\n<figure class=\"wp-block-image size-full has-custom-border alignfull refill animated fadeIn delay-100ms slow is-style-default\"><img data-dominant-color=\"a4a29b\" data-has-transparency=\"false\" loading=\"lazy\" decoding=\"async\" width=\"1488\" height=\"1344\" sizes=\"auto, (max-width: min(calc(100% - 15vw), 1488px)) 100vw, min(calc(100% - 15vw), 1488px)\" src=\"https:\/\/www.campinglesmizottes.fr\/wp-content\/uploads\/sites\/82\/2025\/03\/Camping-meilleur-prix-scaled-e1742311862216.jpg\" alt=\"Camping beste prijs\" class=\"wp-image-11501 not-transparent\" style=\"--dominant-color: #a4a29b; border-top-left-radius:2rem;aspect-ratio:1;object-fit:cover\" srcset=\"https:\/\/www.campinglesmizottes.fr\/wp-content\/uploads\/sites\/82\/2025\/03\/Camping-meilleur-prix-scaled-e1742311862216.jpg 1488w, https:\/\/www.campinglesmizottes.fr\/wp-content\/uploads\/sites\/82\/2025\/03\/Camping-meilleur-prix-scaled-e1742311862216-300x271.jpg 300w, https:\/\/www.campinglesmizottes.fr\/wp-content\/uploads\/sites\/82\/2025\/03\/Camping-meilleur-prix-scaled-e1742311862216-1024x925.jpg 1024w, https:\/\/www.campinglesmizottes.fr\/wp-content\/uploads\/sites\/82\/2025\/03\/Camping-meilleur-prix-scaled-e1742311862216-768x694.jpg 768w\" \/><\/figure>\n<\/div>\n\n\n\n<div class=\"wp-block-column is-layout-flow wp-block-column-is-layout-flow\">\n<figure class=\"wp-block-image size-full has-custom-border alignfull refill animated fadeIn delay-100ms slow is-style-default\"><img data-dominant-color=\"4d554a\" data-has-transparency=\"false\" loading=\"lazy\" decoding=\"async\" width=\"2048\" height=\"1296\" sizes=\"auto, (max-width: min(calc(100% - 15vw), 2048px)) 100vw, min(calc(100% - 15vw), 2048px)\" src=\"https:\/\/www.campinglesmizottes.fr\/wp-content\/uploads\/sites\/82\/2025\/03\/pointe-darcay-scaled.webp\" alt=\"pointe d'arcay\" class=\"wp-image-9292 not-transparent\" style=\"--dominant-color: #4d554a; border-bottom-right-radius:2rem;aspect-ratio:1;object-fit:cover\" srcset=\"https:\/\/www.campinglesmizottes.fr\/wp-content\/uploads\/sites\/82\/2025\/03\/pointe-darcay-scaled.webp 2048w, https:\/\/www.campinglesmizottes.fr\/wp-content\/uploads\/sites\/82\/2025\/03\/pointe-darcay-300x190.webp 300w, https:\/\/www.campinglesmizottes.fr\/wp-content\/uploads\/sites\/82\/2025\/03\/pointe-darcay-1024x648.webp 1024w, https:\/\/www.campinglesmizottes.fr\/wp-content\/uploads\/sites\/82\/2025\/03\/pointe-darcay-768x486.webp 768w, https:\/\/www.campinglesmizottes.fr\/wp-content\/uploads\/sites\/82\/2025\/03\/pointe-darcay-1536x972.webp 1536w\" \/><\/figure>\n<\/div>\n<\/div>\n<\/div>\n\n\n\n<div class=\"wp-block-column is-vertically-aligned-center is-layout-flow wp-block-column-is-layout-flow\" style=\"padding-right:0;padding-left:var(--wp--preset--spacing--40);flex-basis:40%\">\n<div class=\"wp-block-group is-layout-flow wp-block-group-is-layout-flow\" style=\"padding-right:var(--wp--preset--spacing--40);padding-bottom:0;padding-left:var(--wp--preset--spacing--40)\">\n<p><strong>La Digue des Polders<\/strong><\/p>\n\n\n\n<p>Saint-Michel-en-l&#8217;Herm, gelegen tussen land en zee, is een stad direct aan zee en omgeven door moerasland. De voormalige drooggelegde moerassen zijn van nature vruchtbaar en worden doorkruist door een hydraulisch netwerk dat is aangelegd door Nederlandse ingenieurs die zich in de gemeente kwamen vestigen.   <\/p>\n\n\n\n<div id=\"gt-readmore-block_a339c4017ce2716d5d45dce45618e785\" class=\"gt-readmore\">  \n        <input id=\"gt-readmore-block_a339c4017ce2716d5d45dce45618e78569f408d973ef4\" type=\"checkbox\" \/>\n    <label for=\"gt-readmore-block_a339c4017ce2716d5d45dce45618e78569f408d973ef4\" class=\"gt-readmore__toggle-label\">\n        <span>Meer lezen<\/span>\n        <span>Minder lezen<\/span>\n    <\/label>\n    <div class=\"gt-readmore__content\">\n        <div class=\"gt-readmore__gradient\" style=\"background: linear-gradient(to bottom,rgba(255,255,255,0) 0%,rgba(255,255,255,1) 100%);\"><\/div>\n        <div class=\"acf-innerblocks-container\">\n\n<p>De kwelders, veroverd tussen de <sup>16e<\/sup> en <sup>19e<\/sup> eeuw met poldertechnieken (land onder zeeniveau), worden doorkruist door dijken (bots), waarvan de kruinen nu bezet zijn door wegen en voetpaden, en kanalen (contrebots) die achtereenvolgens verschillende sloten van afnemende grootte bevloeien (de achevaux stromen in de rigoles en vervolgens in de conches).<\/p>\n\n\n\n<p>Tussen de camping en het Ile de la Dive liggen verschillende heuvels en heuveltjes in het landschap, die de voormalige moerassen in een regelmatig raster verdelen. In het midden van deze grasvlakten staan kleine hutjes op palen. Deze hutjes zijn gebouwd van een mengsel van aarde en kalk en dienen als nestkastjes voor de trekvogels en wilde roofvogels die goed gedijen in de omgeving.  <\/p>\n\n\n\n<p>Verderop langs de kust is tussen het gras en riet een oude pier te zien. Deze dijk, die bekend staat als de &#8220;Digue du Maroc&#8221;, werd gebouwd in 1912 en leidt direct naar de baai van de Baie de l&#8217;Aiguillon. Het is een pittoresk haventje dat bestaat uit palen en palen die worden gebruikt door vissers en plaatselijke bewoners, afhankelijk van de getijden. <\/p>\n\n<\/div>\n    <\/div>\n<\/div><\/div>\n<\/div>\n<\/div>\n<\/div>\n\n<div class=\"wp-block-group is-layout-constrained wp-block-group-is-layout-constrained\" style=\"margin-top:var(--wp--preset--spacing--80);margin-bottom:var(--wp--preset--spacing--80);padding-top:var(--wp--preset--spacing--80);padding-bottom:var(--wp--preset--spacing--80)\">\n<div class=\"wp-block-columns is-layout-flex wp-container-core-columns-is-layout-e5e30b16 wp-block-columns-is-layout-flex\" style=\"padding-right:0;padding-left:0\">\n<div class=\"wp-block-column is-vertically-aligned-center is-layout-flow wp-block-column-is-layout-flow\" style=\"padding-right:0;padding-left:var(--wp--preset--spacing--40);flex-basis:40%\">\n<div class=\"wp-block-group is-layout-flow wp-block-group-is-layout-flow\" style=\"padding-right:var(--wp--preset--spacing--40);padding-bottom:0;padding-left:var(--wp--preset--spacing--40)\">\n<p><strong>Het eiland van La Dive<\/strong><\/p>\n\n\n\n<p>Ile de la Dive, nog omringd door de zee in de 17\u1d49 eeuw, is het enige overblijfsel van het oude natuurgebied dat zich uitstrekte tot Niort. Het komt tevoorschijn uit de voormalige modderzee, domineert de kwelders (bekend als Mizottes) en biedt op het hoogste punt een uniek panorama over het land en de baai van Aiguillon in de verte. <br\/>Genesteld op 15 m hoogte op de top van de witte kalkstenen kliffen, zich vastklampend aan de klimop en de ondergaande zon bij het vallen van de avond, biedt de ori\u00ebntatietafel een schat aan uitleg over het gebied voor je ogen.<br\/>Vanaf dit voorgebergte, dat 1 km lang en 250 m breed is, kun je op een heldere dag genieten van een uniek uitzicht over de omgeving, met de Aiguillon en zijn baai, de Pointe d&#8217;Ar\u00e7ay en, verder weg, de brug van Ile de R\u00e9 en La Rochelle.<\/p>\n<\/div>\n<\/div>\n\n\n\n<div class=\"wp-block-column is-vertically-aligned-top is-layout-flow wp-container-core-column-is-layout-a704a4fb wp-block-column-is-layout-flow\" style=\"padding-top:0;padding-right:var(--wp--preset--spacing--50);padding-bottom:0\">\n<div class=\"wp-block-columns animated fadeInRight slow is-layout-flex wp-container-core-columns-is-layout-a85f4655 wp-block-columns-is-layout-flex\">\n<div class=\"wp-block-column is-layout-flow wp-container-core-column-is-layout-f5bb311e wp-block-column-is-layout-flow\">\n<figure class=\"wp-block-image size-full has-custom-border alignfull refill animated fadeIn delay-100ms slow is-style-default\"><img data-dominant-color=\"b6a47c\" data-has-transparency=\"false\" loading=\"lazy\" decoding=\"async\" width=\"2024\" height=\"1350\" sizes=\"auto, (max-width: min(calc(100% - 15vw), 2024px)) 100vw, min(calc(100% - 15vw), 2024px)\" src=\"https:\/\/www.campinglesmizottes.fr\/wp-content\/uploads\/sites\/82\/2025\/03\/Ile-de-La-Dive.webp\" alt=\"Het eiland van La Dive\" class=\"wp-image-11990 not-transparent\" style=\"--dominant-color: #b6a47c; border-top-left-radius:2rem;aspect-ratio:1;object-fit:cover\" srcset=\"https:\/\/www.campinglesmizottes.fr\/wp-content\/uploads\/sites\/82\/2025\/03\/Ile-de-La-Dive.webp 2024w, https:\/\/www.campinglesmizottes.fr\/wp-content\/uploads\/sites\/82\/2025\/03\/Ile-de-La-Dive-300x200.webp 300w, https:\/\/www.campinglesmizottes.fr\/wp-content\/uploads\/sites\/82\/2025\/03\/Ile-de-La-Dive-1024x683.webp 1024w, https:\/\/www.campinglesmizottes.fr\/wp-content\/uploads\/sites\/82\/2025\/03\/Ile-de-La-Dive-768x512.webp 768w, https:\/\/www.campinglesmizottes.fr\/wp-content\/uploads\/sites\/82\/2025\/03\/Ile-de-La-Dive-1536x1025.webp 1536w\" \/><\/figure>\n<\/div>\n\n\n\n<div class=\"wp-block-column is-layout-flow wp-block-column-is-layout-flow\">\n<figure class=\"wp-block-image size-full has-custom-border alignfull refill animated fadeIn delay-100ms slow is-style-default\"><img data-dominant-color=\"8d9b97\" data-has-transparency=\"false\" loading=\"lazy\" decoding=\"async\" width=\"2024\" height=\"1350\" sizes=\"auto, (max-width: min(calc(100% - 15vw), 2024px)) 100vw, min(calc(100% - 15vw), 2024px)\" src=\"https:\/\/www.campinglesmizottes.fr\/wp-content\/uploads\/sites\/82\/2025\/03\/Pointe-dArcay-1.webp\" alt=\"Pointe dAr&#xE7;ay\" class=\"wp-image-11446 not-transparent\" style=\"--dominant-color: #8d9b97; border-bottom-right-radius:2rem;aspect-ratio:1;object-fit:cover\" srcset=\"https:\/\/www.campinglesmizottes.fr\/wp-content\/uploads\/sites\/82\/2025\/03\/Pointe-dArcay-1.webp 2024w, https:\/\/www.campinglesmizottes.fr\/wp-content\/uploads\/sites\/82\/2025\/03\/Pointe-dArcay-1-300x200.webp 300w, https:\/\/www.campinglesmizottes.fr\/wp-content\/uploads\/sites\/82\/2025\/03\/Pointe-dArcay-1-1024x683.webp 1024w, https:\/\/www.campinglesmizottes.fr\/wp-content\/uploads\/sites\/82\/2025\/03\/Pointe-dArcay-1-768x512.webp 768w, https:\/\/www.campinglesmizottes.fr\/wp-content\/uploads\/sites\/82\/2025\/03\/Pointe-dArcay-1-1536x1025.webp 1536w\" \/><\/figure>\n<\/div>\n<\/div>\n<\/div>\n<\/div>\n<\/div>\n\n<div class=\"wp-block-group has-background is-layout-constrained wp-container-core-group-is-layout-fefbaab8 wp-block-group-is-layout-constrained\" style=\"background-color:#e6a74324;margin-top:0;margin-bottom:0;padding-top:var(--wp--preset--spacing--80);padding-bottom:var(--wp--preset--spacing--80)\">\n<div style=\"height:17px\" aria-hidden=\"true\" class=\"wp-block-spacer\"><\/div>\n\n\n\n<h2 class=\"wp-block-heading has-text-align-center has-color-2-color has-text-color has-large-font-size\" style=\"font-style:normal;font-weight:500\">Ontdek L&#8217;aiguillon-sur-mer, Lu\u00e7on en La Tranche-sur-mer<\/h2>\n\n\n\r\n<div \r\n     \r\n    class=\"gt-maillage-block\" \r\n    style=\"\"\r\n>\r\n\r\n    \r\n        \r\n        <article \r\n    class=\"gt-cta gt-cta--page\" \r\n    style=\"aspect-ratio:1\/1\"\r\n>\r\n    <a href=\"https:\/\/www.campinglesmizottes.fr\/nl\/l-aiguillon-sur-mer-html\/\" title=\"L&#8217;Aiguillon-sur-Mer\" class=\"gt-cta__link\">\r\n        <div class=\"gt-cta__thumb\">\r\n                            <img alt=\"Aiguillon sur mer sud Vendee\" loading=\"lazy\" decoding=\"async\" width=\"2024\" height=\"1350\" src=\"https:\/\/www.campinglesmizottes.fr\/wp-content\/uploads\/sites\/82\/2025\/03\/Aiguillon-sur-mer-sud-Vendee.webp\" class=\"attachment-full size-full not-transparent wp-post-image\" alt=\"\" srcset=\"https:\/\/www.campinglesmizottes.fr\/wp-content\/uploads\/sites\/82\/2025\/03\/Aiguillon-sur-mer-sud-Vendee.webp 2024w, https:\/\/www.campinglesmizottes.fr\/wp-content\/uploads\/sites\/82\/2025\/03\/Aiguillon-sur-mer-sud-Vendee-300x200.webp 300w, https:\/\/www.campinglesmizottes.fr\/wp-content\/uploads\/sites\/82\/2025\/03\/Aiguillon-sur-mer-sud-Vendee-1024x683.webp 1024w, https:\/\/www.campinglesmizottes.fr\/wp-content\/uploads\/sites\/82\/2025\/03\/Aiguillon-sur-mer-sud-Vendee-768x512.webp 768w, https:\/\/www.campinglesmizottes.fr\/wp-content\/uploads\/sites\/82\/2025\/03\/Aiguillon-sur-mer-sud-Vendee-1536x1025.webp 1536w\" sizes=\"auto, (max-width: 2024px) 100vw, 2024px\" data-has-transparency=\"false\" data-dominant-color=\"a2a9a7\" style=\"--dominant-color: #a2a9a7;\" \/>                    <\/div>\r\n        <div class=\"gt-cta__content\">\r\n            <div class=\"gt-cta__title\">\r\n                L&#8217;Aiguillon-sur-Mer            <\/div>\r\n        <\/div>\r\n    <\/a>\r\n<\/article>\r\n    \r\n        <article \r\n    class=\"gt-cta gt-cta--page\" \r\n    style=\"aspect-ratio:1\/1\"\r\n>\r\n    <a href=\"https:\/\/www.campinglesmizottes.fr\/nl\/visiter-lucon\/\" title=\"Lu\u00e7on\" class=\"gt-cta__link\">\r\n        <div class=\"gt-cta__thumb\">\r\n                            <img alt=\"Lucon Parc floral de la Presquile 2\" loading=\"lazy\" decoding=\"async\" width=\"2023\" height=\"1350\" src=\"https:\/\/www.campinglesmizottes.fr\/wp-content\/uploads\/sites\/82\/2025\/03\/Lucon-Parc-floral-de-la-Presquile-2.webp\" class=\"attachment-full size-full not-transparent wp-post-image\" alt=\"\" srcset=\"https:\/\/www.campinglesmizottes.fr\/wp-content\/uploads\/sites\/82\/2025\/03\/Lucon-Parc-floral-de-la-Presquile-2.webp 2023w, https:\/\/www.campinglesmizottes.fr\/wp-content\/uploads\/sites\/82\/2025\/03\/Lucon-Parc-floral-de-la-Presquile-2-300x200.webp 300w, https:\/\/www.campinglesmizottes.fr\/wp-content\/uploads\/sites\/82\/2025\/03\/Lucon-Parc-floral-de-la-Presquile-2-1024x683.webp 1024w, https:\/\/www.campinglesmizottes.fr\/wp-content\/uploads\/sites\/82\/2025\/03\/Lucon-Parc-floral-de-la-Presquile-2-768x513.webp 768w, https:\/\/www.campinglesmizottes.fr\/wp-content\/uploads\/sites\/82\/2025\/03\/Lucon-Parc-floral-de-la-Presquile-2-1536x1025.webp 1536w\" sizes=\"auto, (max-width: 2023px) 100vw, 2023px\" data-has-transparency=\"false\" data-dominant-color=\"777578\" style=\"--dominant-color: #777578;\" \/>                    <\/div>\r\n        <div class=\"gt-cta__content\">\r\n            <div class=\"gt-cta__title\">\r\n                Lu\u00e7on            <\/div>\r\n        <\/div>\r\n    <\/a>\r\n<\/article>\r\n    \r\n        <article \r\n    class=\"gt-cta gt-cta--page\" \r\n    style=\"aspect-ratio:1\/1\"\r\n>\r\n    <a href=\"https:\/\/www.campinglesmizottes.fr\/nl\/visite-la-tranche-sur-mer\/\" title=\"La Tranche-sur-Mer\" class=\"gt-cta__link\">\r\n        <div class=\"gt-cta__thumb\">\r\n                            <img alt=\"embarcader de La Tranche sur mer\" loading=\"lazy\" decoding=\"async\" width=\"2000\" height=\"1500\" src=\"https:\/\/www.campinglesmizottes.fr\/wp-content\/uploads\/sites\/82\/2025\/03\/embarcader-de-La-Tranche-sur-mer.webp\" class=\"attachment-full size-full not-transparent wp-post-image\" alt=\"\" srcset=\"https:\/\/www.campinglesmizottes.fr\/wp-content\/uploads\/sites\/82\/2025\/03\/embarcader-de-La-Tranche-sur-mer.webp 2000w, https:\/\/www.campinglesmizottes.fr\/wp-content\/uploads\/sites\/82\/2025\/03\/embarcader-de-La-Tranche-sur-mer-300x225.webp 300w, https:\/\/www.campinglesmizottes.fr\/wp-content\/uploads\/sites\/82\/2025\/03\/embarcader-de-La-Tranche-sur-mer-1024x768.webp 1024w, https:\/\/www.campinglesmizottes.fr\/wp-content\/uploads\/sites\/82\/2025\/03\/embarcader-de-La-Tranche-sur-mer-768x576.webp 768w, https:\/\/www.campinglesmizottes.fr\/wp-content\/uploads\/sites\/82\/2025\/03\/embarcader-de-La-Tranche-sur-mer-1536x1152.webp 1536w\" sizes=\"auto, (max-width: 2000px) 100vw, 2000px\" data-has-transparency=\"false\" data-dominant-color=\"7292a2\" style=\"--dominant-color: #7292a2;\" \/>                    <\/div>\r\n        <div class=\"gt-cta__content\">\r\n            <div class=\"gt-cta__title\">\r\n                La Tranche-sur-Mer            <\/div>\r\n        <\/div>\r\n    <\/a>\r\n<\/article>\r\n            \r\n<\/div>\n\n\n<div style=\"height:23px\" aria-hidden=\"true\" class=\"wp-block-spacer\"><\/div>\n<\/div>\n","protected":false},"excerpt":{"rendered":"<p>Bezoek aan Zuid-Vend\u00e9e Vanaf onze camping in de buurt van La tranche-sur-Mer, Les Mizottes, bent u perfect geplaatst om de zuidelijke Vend\u00e9e te bezoeken. Hieronder vindt u een selectie van plaatsen die u niet mag missen tijdens uw verblijf op onze camping in de Vend\u00e9e. Zuidelijke Vend\u00e9e: ontdek het Marais Poitevin, het groene Veneti\u00eb Ontdek [&hellip;]<\/p>\n","protected":false},"author":1,"featured_media":13240,"parent":0,"menu_order":29,"comment_status":"closed","ping_status":"closed","template":"","meta":{"_acf_changed":false,"footnotes":""},"class_list":["post-13211","page","type-page","status-publish","has-post-thumbnail","hentry"],"acf":[],"yoast_head":"<!-- This site is optimized with the Yoast SEO plugin v24.8.1 - https:\/\/yoast.com\/wordpress\/plugins\/seo\/ -->\n<title>Toerisme Sud Vend\u00e9e | Bezienswaardigheden in Sud Vend\u00e9e<\/title>\n<meta name=\"description\" content=\"Saint-Michel-en-l&#039;Herm, de abdij en het kunstmuseum liggen allemaal op loopafstand van Camping Les Mizottes.\" \/>\n<meta name=\"robots\" content=\"index, follow, max-snippet:-1, max-image-preview:large, max-video-preview:-1\" \/>\n<link rel=\"canonical\" href=\"https:\/\/www.campinglesmizottes.fr\/nl\/sud-vendee\/\" \/>\n<meta property=\"og:locale\" content=\"nl_NL\" \/>\n<meta property=\"og:type\" content=\"article\" \/>\n<meta property=\"og:title\" content=\"Toerisme Sud Vend\u00e9e | Bezienswaardigheden in Sud Vend\u00e9e\" \/>\n<meta property=\"og:description\" content=\"Saint-Michel-en-l&#039;Herm, de abdij en het kunstmuseum liggen allemaal op loopafstand van Camping Les Mizottes.\" \/>\n<meta property=\"og:url\" content=\"https:\/\/www.campinglesmizottes.fr\/nl\/sud-vendee\/\" \/>\n<meta property=\"og:site_name\" content=\"Camping les Mizottes\" \/>\n<meta property=\"article:modified_time\" content=\"2025-04-14T07:56:43+00:00\" \/>\n<meta property=\"og:image\" content=\"https:\/\/www.campinglesmizottes.fr\/wp-content\/uploads\/sites\/82\/2025\/03\/aLamoureux-Plage-des-Amourettes.webp\" \/>\n\t<meta property=\"og:image:width\" content=\"2024\" \/>\n\t<meta property=\"og:image:height\" content=\"1350\" \/>\n\t<meta property=\"og:image:type\" content=\"image\/webp\" \/>\n<meta name=\"twitter:card\" content=\"summary_large_image\" \/>\n<meta name=\"twitter:label1\" content=\"Geschatte leestijd\" \/>\n\t<meta name=\"twitter:data1\" content=\"4 minuten\" \/>\n<script type=\"application\/ld+json\" class=\"yoast-schema-graph\">{\"@context\":\"https:\/\/schema.org\",\"@graph\":[{\"@type\":\"WebPage\",\"@id\":\"https:\/\/www.campinglesmizottes.fr\/nl\/sud-vendee\/\",\"url\":\"https:\/\/www.campinglesmizottes.fr\/nl\/sud-vendee\/\",\"name\":\"Toerisme Sud Vend\u00e9e | Bezienswaardigheden in Sud Vend\u00e9e\",\"isPartOf\":{\"@id\":\"https:\/\/www.campinglesmizottes.fr\/nl\/#website\"},\"primaryImageOfPage\":{\"@id\":\"https:\/\/www.campinglesmizottes.fr\/nl\/sud-vendee\/#primaryimage\"},\"image\":{\"@id\":\"https:\/\/www.campinglesmizottes.fr\/nl\/sud-vendee\/#primaryimage\"},\"thumbnailUrl\":\"https:\/\/www.campinglesmizottes.fr\/wp-content\/uploads\/sites\/82\/2025\/03\/aLamoureux-Plage-des-Amourettes.webp\",\"datePublished\":\"2025-03-17T10:05:13+00:00\",\"dateModified\":\"2025-04-14T07:56:43+00:00\",\"description\":\"Saint-Michel-en-l'Herm, de abdij en het kunstmuseum liggen allemaal op loopafstand van Camping Les Mizottes.\",\"breadcrumb\":{\"@id\":\"https:\/\/www.campinglesmizottes.fr\/nl\/sud-vendee\/#breadcrumb\"},\"inLanguage\":\"nl-NL\",\"potentialAction\":[{\"@type\":\"ReadAction\",\"target\":[\"https:\/\/www.campinglesmizottes.fr\/nl\/sud-vendee\/\"]}]},{\"@type\":\"ImageObject\",\"inLanguage\":\"nl-NL\",\"@id\":\"https:\/\/www.campinglesmizottes.fr\/nl\/sud-vendee\/#primaryimage\",\"url\":\"https:\/\/www.campinglesmizottes.fr\/wp-content\/uploads\/sites\/82\/2025\/03\/aLamoureux-Plage-des-Amourettes.webp\",\"contentUrl\":\"https:\/\/www.campinglesmizottes.fr\/wp-content\/uploads\/sites\/82\/2025\/03\/aLamoureux-Plage-des-Amourettes.webp\",\"width\":2024,\"height\":1350},{\"@type\":\"BreadcrumbList\",\"@id\":\"https:\/\/www.campinglesmizottes.fr\/nl\/sud-vendee\/#breadcrumb\",\"itemListElement\":[{\"@type\":\"ListItem\",\"position\":1,\"name\":\"Accueil\",\"item\":\"https:\/\/www.campinglesmizottes.fr\/nl\/\"},{\"@type\":\"ListItem\",\"position\":2,\"name\":\"Ontdek de Zuidelijke Vend\u00e9e\"}]},{\"@type\":\"WebSite\",\"@id\":\"https:\/\/www.campinglesmizottes.fr\/nl\/#website\",\"url\":\"https:\/\/www.campinglesmizottes.fr\/nl\/\",\"name\":\"Camping les Mizottes\",\"description\":\"\",\"publisher\":{\"@id\":\"https:\/\/www.campinglesmizottes.fr\/nl\/#organization\"},\"potentialAction\":[{\"@type\":\"SearchAction\",\"target\":{\"@type\":\"EntryPoint\",\"urlTemplate\":\"https:\/\/www.campinglesmizottes.fr\/nl\/?s={search_term_string}\"},\"query-input\":{\"@type\":\"PropertyValueSpecification\",\"valueRequired\":true,\"valueName\":\"search_term_string\"}}],\"inLanguage\":\"nl-NL\"},{\"@type\":\"Organization\",\"@id\":\"https:\/\/www.campinglesmizottes.fr\/nl\/#organization\",\"name\":\"Camping les Mizottes\",\"url\":\"https:\/\/www.campinglesmizottes.fr\/nl\/\",\"logo\":{\"@type\":\"ImageObject\",\"inLanguage\":\"nl-NL\",\"@id\":\"https:\/\/www.campinglesmizottes.fr\/nl\/#\/schema\/logo\/image\/\",\"url\":\"https:\/\/www.campinglesmizottes.fr\/wp-content\/uploads\/sites\/82\/2025\/03\/logo-campinglesmizottes-vendee.jpg\",\"contentUrl\":\"https:\/\/www.campinglesmizottes.fr\/wp-content\/uploads\/sites\/82\/2025\/03\/logo-campinglesmizottes-vendee.jpg\",\"width\":360,\"height\":360,\"caption\":\"Camping les Mizottes\"},\"image\":{\"@id\":\"https:\/\/www.campinglesmizottes.fr\/nl\/#\/schema\/logo\/image\/\"}}]}<\/script>\n<!-- \/ Yoast SEO plugin. -->","yoast_head_json":{"title":"Toerisme Sud Vend\u00e9e | Bezienswaardigheden in Sud Vend\u00e9e","description":"Saint-Michel-en-l'Herm, de abdij en het kunstmuseum liggen allemaal op loopafstand van Camping Les Mizottes.","robots":{"index":"index","follow":"follow","max-snippet":"max-snippet:-1","max-image-preview":"max-image-preview:large","max-video-preview":"max-video-preview:-1"},"canonical":"https:\/\/www.campinglesmizottes.fr\/nl\/sud-vendee\/","og_locale":"nl_NL","og_type":"article","og_title":"Toerisme Sud Vend\u00e9e | Bezienswaardigheden in Sud Vend\u00e9e","og_description":"Saint-Michel-en-l'Herm, de abdij en het kunstmuseum liggen allemaal op loopafstand van Camping Les Mizottes.","og_url":"https:\/\/www.campinglesmizottes.fr\/nl\/sud-vendee\/","og_site_name":"Camping les Mizottes","article_modified_time":"2025-04-14T07:56:43+00:00","og_image":[{"width":2024,"height":1350,"url":"https:\/\/www.campinglesmizottes.fr\/wp-content\/uploads\/sites\/82\/2025\/03\/aLamoureux-Plage-des-Amourettes.webp","type":"image\/webp"}],"twitter_card":"summary_large_image","twitter_misc":{"Geschatte leestijd":"4 minuten"},"schema":{"@context":"https:\/\/schema.org","@graph":[{"@type":"WebPage","@id":"https:\/\/www.campinglesmizottes.fr\/nl\/sud-vendee\/","url":"https:\/\/www.campinglesmizottes.fr\/nl\/sud-vendee\/","name":"Toerisme Sud Vend\u00e9e | Bezienswaardigheden in Sud Vend\u00e9e","isPartOf":{"@id":"https:\/\/www.campinglesmizottes.fr\/nl\/#website"},"primaryImageOfPage":{"@id":"https:\/\/www.campinglesmizottes.fr\/nl\/sud-vendee\/#primaryimage"},"image":{"@id":"https:\/\/www.campinglesmizottes.fr\/nl\/sud-vendee\/#primaryimage"},"thumbnailUrl":"https:\/\/www.campinglesmizottes.fr\/wp-content\/uploads\/sites\/82\/2025\/03\/aLamoureux-Plage-des-Amourettes.webp","datePublished":"2025-03-17T10:05:13+00:00","dateModified":"2025-04-14T07:56:43+00:00","description":"Saint-Michel-en-l'Herm, de abdij en het kunstmuseum liggen allemaal op loopafstand van Camping Les Mizottes.","breadcrumb":{"@id":"https:\/\/www.campinglesmizottes.fr\/nl\/sud-vendee\/#breadcrumb"},"inLanguage":"nl-NL","potentialAction":[{"@type":"ReadAction","target":["https:\/\/www.campinglesmizottes.fr\/nl\/sud-vendee\/"]}]},{"@type":"ImageObject","inLanguage":"nl-NL","@id":"https:\/\/www.campinglesmizottes.fr\/nl\/sud-vendee\/#primaryimage","url":"https:\/\/www.campinglesmizottes.fr\/wp-content\/uploads\/sites\/82\/2025\/03\/aLamoureux-Plage-des-Amourettes.webp","contentUrl":"https:\/\/www.campinglesmizottes.fr\/wp-content\/uploads\/sites\/82\/2025\/03\/aLamoureux-Plage-des-Amourettes.webp","width":2024,"height":1350},{"@type":"BreadcrumbList","@id":"https:\/\/www.campinglesmizottes.fr\/nl\/sud-vendee\/#breadcrumb","itemListElement":[{"@type":"ListItem","position":1,"name":"Accueil","item":"https:\/\/www.campinglesmizottes.fr\/nl\/"},{"@type":"ListItem","position":2,"name":"Ontdek de Zuidelijke Vend\u00e9e"}]},{"@type":"WebSite","@id":"https:\/\/www.campinglesmizottes.fr\/nl\/#website","url":"https:\/\/www.campinglesmizottes.fr\/nl\/","name":"Camping les Mizottes","description":"","publisher":{"@id":"https:\/\/www.campinglesmizottes.fr\/nl\/#organization"},"potentialAction":[{"@type":"SearchAction","target":{"@type":"EntryPoint","urlTemplate":"https:\/\/www.campinglesmizottes.fr\/nl\/?s={search_term_string}"},"query-input":{"@type":"PropertyValueSpecification","valueRequired":true,"valueName":"search_term_string"}}],"inLanguage":"nl-NL"},{"@type":"Organization","@id":"https:\/\/www.campinglesmizottes.fr\/nl\/#organization","name":"Camping les Mizottes","url":"https:\/\/www.campinglesmizottes.fr\/nl\/","logo":{"@type":"ImageObject","inLanguage":"nl-NL","@id":"https:\/\/www.campinglesmizottes.fr\/nl\/#\/schema\/logo\/image\/","url":"https:\/\/www.campinglesmizottes.fr\/wp-content\/uploads\/sites\/82\/2025\/03\/logo-campinglesmizottes-vendee.jpg","contentUrl":"https:\/\/www.campinglesmizottes.fr\/wp-content\/uploads\/sites\/82\/2025\/03\/logo-campinglesmizottes-vendee.jpg","width":360,"height":360,"caption":"Camping les Mizottes"},"image":{"@id":"https:\/\/www.campinglesmizottes.fr\/nl\/#\/schema\/logo\/image\/"}}]}},"_links":{"self":[{"href":"https:\/\/www.campinglesmizottes.fr\/nl\/wp-json\/wp\/v2\/pages\/13211","targetHints":{"allow":["GET"]}}],"collection":[{"href":"https:\/\/www.campinglesmizottes.fr\/nl\/wp-json\/wp\/v2\/pages"}],"about":[{"href":"https:\/\/www.campinglesmizottes.fr\/nl\/wp-json\/wp\/v2\/types\/page"}],"author":[{"embeddable":true,"href":"https:\/\/www.campinglesmizottes.fr\/nl\/wp-json\/wp\/v2\/users\/1"}],"replies":[{"embeddable":true,"href":"https:\/\/www.campinglesmizottes.fr\/nl\/wp-json\/wp\/v2\/comments?post=13211"}],"version-history":[{"count":1,"href":"https:\/\/www.campinglesmizottes.fr\/nl\/wp-json\/wp\/v2\/pages\/13211\/revisions"}],"predecessor-version":[{"id":13270,"href":"https:\/\/www.campinglesmizottes.fr\/nl\/wp-json\/wp\/v2\/pages\/13211\/revisions\/13270"}],"wp:featuredmedia":[{"embeddable":true,"href":"https:\/\/www.campinglesmizottes.fr\/nl\/wp-json\/wp\/v2\/media\/13240"}],"wp:attachment":[{"href":"https:\/\/www.campinglesmizottes.fr\/nl\/wp-json\/wp\/v2\/media?parent=13211"}],"curies":[{"name":"wp","href":"https:\/\/api.w.org\/{rel}","templated":true}]}}