{"id":13326,"date":"2025-03-17T11:53:14","date_gmt":"2025-03-17T10:53:14","guid":{"rendered":"https:\/\/www.campinglesmizottes.fr\/visiter-lucon\/"},"modified":"2025-04-14T14:05:50","modified_gmt":"2025-04-14T12:05:50","slug":"visiter-lucon","status":"publish","type":"page","link":"https:\/\/www.campinglesmizottes.fr\/en\/visiter-lucon\/","title":{"rendered":"Lu\u00e7on"},"content":{"rendered":"\n<div class=\"wp-block-group is-layout-constrained wp-container-core-group-is-layout-3b3f7343 wp-block-group-is-layout-constrained\" style=\"padding-top:var(--wp--preset--spacing--60);padding-bottom:var(--wp--preset--spacing--60)\">\n<h1 class=\"wp-block-heading alignwide has-text-align-center has-link-color-color has-text-color has-x-large-font-size\" style=\"margin-top:var(--wp--preset--spacing--60);margin-right:var(--wp--preset--spacing--60);margin-bottom:var(--wp--preset--spacing--60);margin-left:var(--wp--preset--spacing--60);padding-top:var(--wp--preset--spacing--60);padding-right:var(--wp--preset--spacing--60);padding-bottom:var(--wp--preset--spacing--60);padding-left:var(--wp--preset--spacing--60);text-transform:capitalize\">Lu\u00e7on<\/h1>\n\n\n\n<p class=\"has-text-align-center\">From our <a href=\"https:\/\/www.campinglesmizottes.fr\/en\/\">campsite in the Vend\u00e9e<\/a>, discover the charming town of <strong>Lu\u00e7on<\/strong>, with its rich heritage and a great day out near <a href=\"https:\/\/www.campinglesmizottes.fr\/en\/visite-la-tranche-sur-mer\/\">La Tranche-sur-Mer<\/a>.<br\/><\/p>\n\n\n\n<div style=\"height:30px\" aria-hidden=\"true\" class=\"wp-block-spacer\"><\/div>\n<\/div>\n\n<div class=\"wp-block-group overflow-hidden is-layout-flow wp-block-group-is-layout-flow\" style=\"margin-top:var(--wp--preset--spacing--80);margin-bottom:var(--wp--preset--spacing--80);padding-top:var(--wp--preset--spacing--80);padding-bottom:var(--wp--preset--spacing--80)\">\n<div class=\"wp-block-columns is-layout-flex wp-container-core-columns-is-layout-28232c24 wp-block-columns-is-layout-flex\">\n<div class=\"wp-block-column is-vertically-aligned-center is-layout-flow wp-block-column-is-layout-flow\">\n<figure class=\"wp-block-image size-full has-custom-border is-style-default animated fadeInLeft slow\"><img data-dominant-color=\"404746\" data-has-transparency=\"false\" loading=\"lazy\" decoding=\"async\" width=\"700\" height=\"446\" sizes=\"auto, (max-width: min(calc(100% - 15vw), 700px)) 100vw, min(calc(100% - 15vw), 700px)\" src=\"https:\/\/www.campinglesmizottes.fr\/wp-content\/uploads\/sites\/82\/2025\/03\/cathedrale-lucon.jpg\" alt=\"cathedrale lu&#xE7;on\" class=\"wp-image-11826 not-transparent\" style=\"--dominant-color: #404746; border-top-right-radius:2rem;border-bottom-right-radius:2rem;aspect-ratio:1;object-fit:cover\" srcset=\"https:\/\/www.campinglesmizottes.fr\/wp-content\/uploads\/sites\/82\/2025\/03\/cathedrale-lucon.jpg 700w, https:\/\/www.campinglesmizottes.fr\/wp-content\/uploads\/sites\/82\/2025\/03\/cathedrale-lucon-300x191.jpg 300w\" \/><\/figure>\n<\/div>\n\n\n\n<div class=\"wp-block-column is-vertically-aligned-center is-layout-flow wp-block-column-is-layout-flow\" style=\"padding-right:var(--wp--preset--spacing--80);padding-left:var(--wp--preset--spacing--80);flex-basis:60%\">\n<div class=\"wp-block-group is-layout-flow wp-block-group-is-layout-flow\" style=\"padding-right:var(--wp--preset--spacing--40);padding-bottom:0;padding-left:var(--wp--preset--spacing--40)\">\n<h2 class=\"wp-block-heading has-color-2-color has-text-color has-link-color has-poppins-font-family has-large-font-size wp-elements-a3c82ef0f3a2f2928f782e6cae8c1331\" style=\"font-style:normal;font-weight:500;line-height:1\">What to see in Lu\u00e7on<\/h2>\n\n\n\n<figure class=\"wp-block-image size-full is-resized wp-duotone-1b79bf-rgb27121191-1\"><img loading=\"lazy\" decoding=\"async\" width=\"146\" height=\"22\" sizes=\"auto, (max-width: min(calc(100% - 15vw), 133px)) 100vw, min(calc(100% - 15vw), 133px)\" src=\"https:\/\/www.campinglesmizottes.fr\/wp-content\/uploads\/sites\/82\/2023\/08\/separator.png\" alt=\"separator\" class=\"wp-image-5772\" style=\"width:133px;height:auto\"\/><\/figure>\n\n\n\n<p>Lu\u00e7on is a charming Vend\u00e9e town with typical homes and remarkable middle-class buildings. It was built as a bishopric by Richelieu, who rebuilt it as a commercial and maritime town.<\/p>\n\n\n\n<p>Lu\u00e7on is well worth a visit for its <strong>remarkable heritage<\/strong> and iconic sites. From our <a href=\"https:\/\/www.campinglesmizottes.fr\/en\/camping-pas-cher-vendee\/\">best value campsite in the Vend\u00e9e<\/a>, Les Mizottes, start by discovering the <strong>Palais \u00c9piscopal<\/strong>, former residence of Richelieu when he was bishop of the town. This majestic building bears witness to Lu\u00e7on&#8217;s religious and political influence over the centuries.  <\/p>\n\n\n\n<p>Don&#8217;t miss the <strong>Maison du Ma\u00eetre de Digues<\/strong>, a fascinating site that tells the story of marshes and drainage in the southern Vend\u00e9e. This immersive museum provides a better understanding of the development of these unique lands. <\/p>\n<\/div>\n<\/div>\n<\/div>\n<\/div>\n\n<div class=\"wp-block-group is-layout-constrained wp-block-group-is-layout-constrained\" style=\"padding-top:var(--wp--preset--spacing--80);padding-bottom:var(--wp--preset--spacing--80)\">\n<div class=\"wp-block-columns is-layout-flex wp-container-core-columns-is-layout-e5e30b16 wp-block-columns-is-layout-flex\" style=\"padding-right:0;padding-left:0\">\n<div class=\"wp-block-column is-vertically-aligned-top is-layout-flow wp-container-core-column-is-layout-a704a4fb wp-block-column-is-layout-flow\" style=\"padding-top:0;padding-right:var(--wp--preset--spacing--50);padding-bottom:0\">\n<div class=\"wp-block-columns animated fadeInLeft slow is-layout-flex wp-container-core-columns-is-layout-a85f4655 wp-block-columns-is-layout-flex\">\n<div class=\"wp-block-column is-layout-flow wp-container-core-column-is-layout-f5bb311e wp-block-column-is-layout-flow\">\n<figure class=\"wp-block-image size-full has-custom-border alignfull refill animated fadeIn delay-100ms slow is-style-default\"><img data-dominant-color=\"71674c\" data-has-transparency=\"false\" loading=\"lazy\" decoding=\"async\" width=\"1235\" height=\"1245\" sizes=\"auto, (max-width: min(calc(100% - 15vw), 1235px)) 100vw, min(calc(100% - 15vw), 1235px)\" src=\"https:\/\/www.campinglesmizottes.fr\/wp-content\/uploads\/sites\/82\/2025\/03\/Lucon-centre-ville-scaled-e1742377889401.webp\" alt=\"Lu&#xE7;on city center\" class=\"wp-image-11870 not-transparent\" style=\"--dominant-color: #71674c; border-top-left-radius:2rem;aspect-ratio:1;object-fit:cover\" srcset=\"https:\/\/www.campinglesmizottes.fr\/wp-content\/uploads\/sites\/82\/2025\/03\/Lucon-centre-ville-scaled-e1742377889401.webp 1235w, https:\/\/www.campinglesmizottes.fr\/wp-content\/uploads\/sites\/82\/2025\/03\/Lucon-centre-ville-scaled-e1742377889401-298x300.webp 298w, https:\/\/www.campinglesmizottes.fr\/wp-content\/uploads\/sites\/82\/2025\/03\/Lucon-centre-ville-scaled-e1742377889401-1016x1024.webp 1016w, https:\/\/www.campinglesmizottes.fr\/wp-content\/uploads\/sites\/82\/2025\/03\/Lucon-centre-ville-scaled-e1742377889401-150x150.webp 150w, https:\/\/www.campinglesmizottes.fr\/wp-content\/uploads\/sites\/82\/2025\/03\/Lucon-centre-ville-scaled-e1742377889401-768x774.webp 768w\" \/><\/figure>\n<\/div>\n\n\n\n<div class=\"wp-block-column is-layout-flow wp-block-column-is-layout-flow\">\n<figure class=\"wp-block-image size-full has-custom-border alignfull refill animated fadeIn delay-100ms slow is-style-default\"><img data-dominant-color=\"777377\" data-has-transparency=\"false\" loading=\"lazy\" decoding=\"async\" width=\"1196\" height=\"1348\" sizes=\"auto, (max-width: min(calc(100% - 15vw), 1196px)) 100vw, min(calc(100% - 15vw), 1196px)\" src=\"https:\/\/www.campinglesmizottes.fr\/wp-content\/uploads\/sites\/82\/2025\/03\/Lucon-Parc-floral-de-la-Presquile-1-e1742377768138.webp\" alt=\"Lu&#xE7;on Presqu'&#xEE;le floral park\" class=\"wp-image-11867 not-transparent\" style=\"--dominant-color: #777377; border-bottom-right-radius:2rem;aspect-ratio:1;object-fit:cover\" srcset=\"https:\/\/www.campinglesmizottes.fr\/wp-content\/uploads\/sites\/82\/2025\/03\/Lucon-Parc-floral-de-la-Presquile-1-e1742377768138.webp 1196w, https:\/\/www.campinglesmizottes.fr\/wp-content\/uploads\/sites\/82\/2025\/03\/Lucon-Parc-floral-de-la-Presquile-1-e1742377768138-266x300.webp 266w, https:\/\/www.campinglesmizottes.fr\/wp-content\/uploads\/sites\/82\/2025\/03\/Lucon-Parc-floral-de-la-Presquile-1-e1742377768138-909x1024.webp 909w, https:\/\/www.campinglesmizottes.fr\/wp-content\/uploads\/sites\/82\/2025\/03\/Lucon-Parc-floral-de-la-Presquile-1-e1742377768138-768x866.webp 768w\" \/><\/figure>\n<\/div>\n<\/div>\n<\/div>\n\n\n\n<div class=\"wp-block-column is-vertically-aligned-center is-layout-flow wp-block-column-is-layout-flow\" style=\"padding-right:0;padding-left:var(--wp--preset--spacing--40);flex-basis:40%\">\n<div class=\"wp-block-group is-layout-flow wp-block-group-is-layout-flow\" style=\"padding-right:var(--wp--preset--spacing--40);padding-bottom:0;padding-left:var(--wp--preset--spacing--40)\">\n<p>For a break from nature, head for the <strong>Presqu&#8217;\u00eele floral park<\/strong>, a haven of peace where you can enjoy a leisurely stroll. History buffs will also appreciate a visit to the former Ursulines convent, whose architecture bears witness to the town&#8217;s religious past. <\/p>\n\n\n\n<p>Lu\u00e7on, between heritage and nature, is the ideal destination for a cultural getaway in <a href=\"https:\/\/www.campinglesmizottes.fr\/en\/sud-vendee\/\">southern Vend\u00e9e<\/a> <strong>!<\/strong><\/p>\n<\/div>\n<\/div>\n<\/div>\n<\/div>\n\n<div class=\"wp-block-group overflow-hidden has-color-4-background-color has-background is-layout-flow wp-block-group-is-layout-flow\" style=\"margin-top:var(--wp--preset--spacing--80);margin-bottom:var(--wp--preset--spacing--80);padding-top:var(--wp--preset--spacing--80);padding-bottom:var(--wp--preset--spacing--80)\">\n<div class=\"wp-block-columns is-layout-flex wp-container-core-columns-is-layout-28232c24 wp-block-columns-is-layout-flex\">\n<div class=\"wp-block-column is-vertically-aligned-center is-layout-constrained wp-container-core-column-is-layout-e3b6657a wp-block-column-is-layout-constrained\" style=\"padding-top:var(--wp--preset--spacing--60);padding-right:var(--wp--preset--spacing--60);padding-bottom:var(--wp--preset--spacing--60);padding-left:var(--wp--preset--spacing--60);flex-basis:60%\">\n<h2 class=\"wp-block-heading has-color-1-color has-text-color has-poppins-font-family has-large-font-size\" style=\"margin-top:0;margin-right:0;margin-bottom:0;margin-left:0;font-style:normal;font-weight:500;line-height:1\">Things to do in Lu\u00e7on<\/h2>\n\n\n\n<figure class=\"wp-block-image size-full is-resized wp-duotone-1b79bf-rgb27121191-2\"><img loading=\"lazy\" decoding=\"async\" width=\"146\" height=\"22\" sizes=\"auto, (max-width: min(calc(100% - 15vw), 133px)) 100vw, min(calc(100% - 15vw), 133px)\" src=\"https:\/\/www.campinglesmizottes.fr\/wp-content\/uploads\/sites\/82\/2023\/08\/separator.png\" alt=\"separator\" class=\"wp-image-5772\" style=\"width:133px;height:auto\"\/><\/figure>\n\n\n\n<p>Lu\u00e7on, a town of character in the Vend\u00e9e, offers a <strong>multitude of activities<\/strong> for young and old. Comte, adorned with fountains and elegant sculptures. <\/p>\n\n\n\n<p>For heritage lovers, the <strong>Notre-Dame-de-l&#8217;Assomption cathedral<\/strong>, with its impressive 85-meter steeple, is a must-see. Then stroll through the <strong>historic center<\/strong>, where you&#8217;ll discover charming alleyways and old buildings that bear witness to the city&#8217;s rich past. Start with a stroll through the <strong>Jardin Dumaine<\/strong>, a verdant setting ideal for relaxing in the sun. <\/p>\n\n\n\n<p>Nature lovers can explore the <strong>marshes of the southern Vend\u00e9e region<\/strong>, ideal for walking, cycling or boating. After a great day out, relax in <a href=\"https:\/\/www.campinglesmizottes.fr\/en\/camping-piscines-vendee\/\">the swimming pools at our campsite in Saint-Michel-en-l&#8217;Herm<\/a>, before returning to your <a href=\"https:\/\/www.campinglesmizottes.fr\/en\/location-mobil-home-vendee\/\">mobile home rental near La Tranche-sur-Mer<\/a> or your <a href=\"https:\/\/www.campinglesmizottes.fr\/en\/emplacements-camping-vendee\/\">campsite pitch in the Vend\u00e9e<\/a>. <\/p>\n<\/div>\n\n\n\n<div class=\"wp-block-column is-layout-flow wp-block-column-is-layout-flow\">\n<figure class=\"wp-block-image size-full has-custom-border is-style-default animated fadeInRight slow\"><img data-dominant-color=\"7b825f\" data-has-transparency=\"false\" loading=\"lazy\" decoding=\"async\" width=\"1589\" height=\"2048\" sizes=\"auto, (max-width: min(calc(100% - 15vw), 1589px)) 100vw, min(calc(100% - 15vw), 1589px)\" src=\"https:\/\/www.campinglesmizottes.fr\/wp-content\/uploads\/sites\/82\/2025\/03\/Jardins-de-Lucon-1-scaled.webp\" alt=\"Lu&#xE7;on Gardens\" class=\"wp-image-11836 not-transparent\" style=\"--dominant-color: #7b825f; border-top-left-radius:2rem;border-bottom-left-radius:2rem;aspect-ratio:1;object-fit:cover\" srcset=\"https:\/\/www.campinglesmizottes.fr\/wp-content\/uploads\/sites\/82\/2025\/03\/Jardins-de-Lucon-1-scaled.webp 1589w, https:\/\/www.campinglesmizottes.fr\/wp-content\/uploads\/sites\/82\/2025\/03\/Jardins-de-Lucon-1-233x300.webp 233w, https:\/\/www.campinglesmizottes.fr\/wp-content\/uploads\/sites\/82\/2025\/03\/Jardins-de-Lucon-1-795x1024.webp 795w, https:\/\/www.campinglesmizottes.fr\/wp-content\/uploads\/sites\/82\/2025\/03\/Jardins-de-Lucon-1-768x990.webp 768w, https:\/\/www.campinglesmizottes.fr\/wp-content\/uploads\/sites\/82\/2025\/03\/Jardins-de-Lucon-1-1192x1536.webp 1192w\" \/><\/figure>\n<\/div>\n<\/div>\n<\/div>\n\n<div class=\"wp-block-group has-background is-layout-constrained wp-container-core-group-is-layout-fefbaab8 wp-block-group-is-layout-constrained\" style=\"background-color:#e6a74324;margin-top:0;margin-bottom:0;padding-top:var(--wp--preset--spacing--80);padding-bottom:var(--wp--preset--spacing--80)\">\n<div style=\"height:18px\" aria-hidden=\"true\" class=\"wp-block-spacer\"><\/div>\n\n\n\n<h2 class=\"wp-block-heading has-text-align-center has-color-2-color has-text-color has-large-font-size\" style=\"font-style:normal;font-weight:500\">Discover Le Marais Poitevin, La Tranche-sur-mer and la faute-sur-mer<\/h2>\n\n\n\r\n<div \r\n     \r\n    class=\"gt-maillage-block\" \r\n    style=\"\"\r\n>\r\n\r\n    \r\n        \r\n        <article \r\n    class=\"gt-cta gt-cta--page\" \r\n    style=\"aspect-ratio:1\/1\"\r\n>\r\n    <a href=\"https:\/\/www.campinglesmizottes.fr\/en\/visiter-marais-poitevin\/\" title=\"Poitevin marshes\" class=\"gt-cta__link\">\r\n        <div class=\"gt-cta__thumb\">\r\n                            <img alt=\"camping pas cher marais poitevin\" loading=\"lazy\" decoding=\"async\" width=\"2000\" height=\"1333\" src=\"https:\/\/www.campinglesmizottes.fr\/wp-content\/uploads\/sites\/82\/2025\/03\/camping-pas-cher-marais-poitevin.webp\" class=\"attachment-full size-full not-transparent wp-post-image\" alt=\"\" srcset=\"https:\/\/www.campinglesmizottes.fr\/wp-content\/uploads\/sites\/82\/2025\/03\/camping-pas-cher-marais-poitevin.webp 2000w, https:\/\/www.campinglesmizottes.fr\/wp-content\/uploads\/sites\/82\/2025\/03\/camping-pas-cher-marais-poitevin-300x200.webp 300w, https:\/\/www.campinglesmizottes.fr\/wp-content\/uploads\/sites\/82\/2025\/03\/camping-pas-cher-marais-poitevin-1024x682.webp 1024w, https:\/\/www.campinglesmizottes.fr\/wp-content\/uploads\/sites\/82\/2025\/03\/camping-pas-cher-marais-poitevin-768x512.webp 768w, https:\/\/www.campinglesmizottes.fr\/wp-content\/uploads\/sites\/82\/2025\/03\/camping-pas-cher-marais-poitevin-1536x1024.webp 1536w\" sizes=\"auto, (max-width: 2000px) 100vw, 2000px\" data-has-transparency=\"false\" data-dominant-color=\"464c1c\" style=\"--dominant-color: #464c1c;\" \/>                    <\/div>\r\n        <div class=\"gt-cta__content\">\r\n            <div class=\"gt-cta__title\">\r\n                Poitevin marshes            <\/div>\r\n        <\/div>\r\n    <\/a>\r\n<\/article>\r\n    \r\n        <article \r\n    class=\"gt-cta gt-cta--page\" \r\n    style=\"aspect-ratio:1\/1\"\r\n>\r\n    <a href=\"https:\/\/www.campinglesmizottes.fr\/en\/visite-la-tranche-sur-mer\/\" title=\"La Tranche-sur-Mer\" class=\"gt-cta__link\">\r\n        <div class=\"gt-cta__thumb\">\r\n                            <img alt=\"embarcader de La Tranche sur mer\" loading=\"lazy\" decoding=\"async\" width=\"2000\" height=\"1500\" src=\"https:\/\/www.campinglesmizottes.fr\/wp-content\/uploads\/sites\/82\/2025\/03\/embarcader-de-La-Tranche-sur-mer.webp\" class=\"attachment-full size-full not-transparent wp-post-image\" alt=\"\" srcset=\"https:\/\/www.campinglesmizottes.fr\/wp-content\/uploads\/sites\/82\/2025\/03\/embarcader-de-La-Tranche-sur-mer.webp 2000w, https:\/\/www.campinglesmizottes.fr\/wp-content\/uploads\/sites\/82\/2025\/03\/embarcader-de-La-Tranche-sur-mer-300x225.webp 300w, https:\/\/www.campinglesmizottes.fr\/wp-content\/uploads\/sites\/82\/2025\/03\/embarcader-de-La-Tranche-sur-mer-1024x768.webp 1024w, https:\/\/www.campinglesmizottes.fr\/wp-content\/uploads\/sites\/82\/2025\/03\/embarcader-de-La-Tranche-sur-mer-768x576.webp 768w, https:\/\/www.campinglesmizottes.fr\/wp-content\/uploads\/sites\/82\/2025\/03\/embarcader-de-La-Tranche-sur-mer-1536x1152.webp 1536w\" sizes=\"auto, (max-width: 2000px) 100vw, 2000px\" data-has-transparency=\"false\" data-dominant-color=\"7292a2\" style=\"--dominant-color: #7292a2;\" \/>                    <\/div>\r\n        <div class=\"gt-cta__content\">\r\n            <div class=\"gt-cta__title\">\r\n                La Tranche-sur-Mer            <\/div>\r\n        <\/div>\r\n    <\/a>\r\n<\/article>\r\n    \r\n        <article \r\n    class=\"gt-cta gt-cta--page\" \r\n    style=\"aspect-ratio:1\/1\"\r\n>\r\n    <a href=\"https:\/\/www.campinglesmizottes.fr\/en\/la-faute-sur-mer\/\" title=\"La Faute-sur-Mer\" class=\"gt-cta__link\">\r\n        <div class=\"gt-cta__thumb\">\r\n                            <img alt=\"Pointe dArcay 1\" loading=\"lazy\" decoding=\"async\" width=\"2024\" height=\"1350\" src=\"https:\/\/www.campinglesmizottes.fr\/wp-content\/uploads\/sites\/82\/2025\/03\/Pointe-dArcay-1.webp\" class=\"attachment-full size-full not-transparent wp-post-image\" alt=\"\" srcset=\"https:\/\/www.campinglesmizottes.fr\/wp-content\/uploads\/sites\/82\/2025\/03\/Pointe-dArcay-1.webp 2024w, https:\/\/www.campinglesmizottes.fr\/wp-content\/uploads\/sites\/82\/2025\/03\/Pointe-dArcay-1-300x200.webp 300w, https:\/\/www.campinglesmizottes.fr\/wp-content\/uploads\/sites\/82\/2025\/03\/Pointe-dArcay-1-1024x683.webp 1024w, https:\/\/www.campinglesmizottes.fr\/wp-content\/uploads\/sites\/82\/2025\/03\/Pointe-dArcay-1-768x512.webp 768w, https:\/\/www.campinglesmizottes.fr\/wp-content\/uploads\/sites\/82\/2025\/03\/Pointe-dArcay-1-1536x1025.webp 1536w\" sizes=\"auto, (max-width: 2024px) 100vw, 2024px\" data-has-transparency=\"false\" data-dominant-color=\"8d9b97\" style=\"--dominant-color: #8d9b97;\" \/>                    <\/div>\r\n        <div class=\"gt-cta__content\">\r\n            <div class=\"gt-cta__title\">\r\n                La Faute-sur-Mer            <\/div>\r\n        <\/div>\r\n    <\/a>\r\n<\/article>\r\n            \r\n<\/div>\n\n\n<div style=\"height:23px\" aria-hidden=\"true\" class=\"wp-block-spacer\"><\/div>\n<\/div>\n\n<p><\/p>\n","protected":false},"excerpt":{"rendered":"<p>Lu\u00e7on From our campsite in the Vend\u00e9e, discover the charming town of Lu\u00e7on, with its rich heritage and a great day out near La Tranche-sur-Mer. What to see in Lu\u00e7on Lu\u00e7on is a charming Vend\u00e9e town with typical homes and remarkable middle-class buildings. It was built as a bishopric by Richelieu, who rebuilt it as [&hellip;]<\/p>\n","protected":false},"author":1,"featured_media":13370,"parent":0,"menu_order":71,"comment_status":"closed","ping_status":"closed","template":"","meta":{"_acf_changed":false,"footnotes":""},"class_list":["post-13326","page","type-page","status-publish","has-post-thumbnail","hentry"],"acf":[],"yoast_head":"<!-- This site is optimized with the Yoast SEO plugin v24.8.1 - https:\/\/yoast.com\/wordpress\/plugins\/seo\/ -->\n<title>Visit Lu\u00e7on | Activities, visits Lu\u00e7on<\/title>\n<meta name=\"description\" content=\"Lu\u00e7on and its cathedral are 15 minutes from Camping Les Mizottes.\" \/>\n<meta name=\"robots\" content=\"index, follow, max-snippet:-1, max-image-preview:large, max-video-preview:-1\" \/>\n<link rel=\"canonical\" href=\"https:\/\/www.campinglesmizottes.fr\/en\/visiter-lucon\/\" \/>\n<meta property=\"og:locale\" content=\"en_US\" \/>\n<meta property=\"og:type\" content=\"article\" \/>\n<meta property=\"og:title\" content=\"Visit Lu\u00e7on | Activities, visits Lu\u00e7on\" \/>\n<meta property=\"og:description\" content=\"Lu\u00e7on and its cathedral are 15 minutes from Camping Les Mizottes.\" \/>\n<meta property=\"og:url\" content=\"https:\/\/www.campinglesmizottes.fr\/en\/visiter-lucon\/\" \/>\n<meta property=\"og:site_name\" content=\"Camping les Mizottes\" \/>\n<meta property=\"article:modified_time\" content=\"2025-04-14T12:05:50+00:00\" \/>\n<meta property=\"og:image\" content=\"https:\/\/www.campinglesmizottes.fr\/wp-content\/uploads\/sites\/82\/2025\/03\/Lucon-Parc-floral-de-la-Presquile-2.webp\" \/>\n\t<meta property=\"og:image:width\" content=\"2023\" \/>\n\t<meta property=\"og:image:height\" content=\"1350\" \/>\n\t<meta property=\"og:image:type\" content=\"image\/webp\" \/>\n<meta name=\"twitter:card\" content=\"summary_large_image\" \/>\n<meta name=\"twitter:label1\" content=\"Est. reading time\" \/>\n\t<meta name=\"twitter:data1\" content=\"2 minutes\" \/>\n<script type=\"application\/ld+json\" class=\"yoast-schema-graph\">{\"@context\":\"https:\/\/schema.org\",\"@graph\":[{\"@type\":\"WebPage\",\"@id\":\"https:\/\/www.campinglesmizottes.fr\/en\/visiter-lucon\/\",\"url\":\"https:\/\/www.campinglesmizottes.fr\/en\/visiter-lucon\/\",\"name\":\"Visit Lu\u00e7on | Activities, visits Lu\u00e7on\",\"isPartOf\":{\"@id\":\"https:\/\/www.campinglesmizottes.fr\/en\/#website\"},\"primaryImageOfPage\":{\"@id\":\"https:\/\/www.campinglesmizottes.fr\/en\/visiter-lucon\/#primaryimage\"},\"image\":{\"@id\":\"https:\/\/www.campinglesmizottes.fr\/en\/visiter-lucon\/#primaryimage\"},\"thumbnailUrl\":\"https:\/\/www.campinglesmizottes.fr\/wp-content\/uploads\/sites\/82\/2025\/03\/Lucon-Parc-floral-de-la-Presquile-2.webp\",\"datePublished\":\"2025-03-17T10:53:14+00:00\",\"dateModified\":\"2025-04-14T12:05:50+00:00\",\"description\":\"Lu\u00e7on and its cathedral are 15 minutes from Camping Les Mizottes.\",\"breadcrumb\":{\"@id\":\"https:\/\/www.campinglesmizottes.fr\/en\/visiter-lucon\/#breadcrumb\"},\"inLanguage\":\"en-US\",\"potentialAction\":[{\"@type\":\"ReadAction\",\"target\":[\"https:\/\/www.campinglesmizottes.fr\/en\/visiter-lucon\/\"]}]},{\"@type\":\"ImageObject\",\"inLanguage\":\"en-US\",\"@id\":\"https:\/\/www.campinglesmizottes.fr\/en\/visiter-lucon\/#primaryimage\",\"url\":\"https:\/\/www.campinglesmizottes.fr\/wp-content\/uploads\/sites\/82\/2025\/03\/Lucon-Parc-floral-de-la-Presquile-2.webp\",\"contentUrl\":\"https:\/\/www.campinglesmizottes.fr\/wp-content\/uploads\/sites\/82\/2025\/03\/Lucon-Parc-floral-de-la-Presquile-2.webp\",\"width\":2023,\"height\":1350},{\"@type\":\"BreadcrumbList\",\"@id\":\"https:\/\/www.campinglesmizottes.fr\/en\/visiter-lucon\/#breadcrumb\",\"itemListElement\":[{\"@type\":\"ListItem\",\"position\":1,\"name\":\"Accueil\",\"item\":\"https:\/\/www.campinglesmizottes.fr\/en\/\"},{\"@type\":\"ListItem\",\"position\":2,\"name\":\"Discover Lu\u00e7on\"}]},{\"@type\":\"WebSite\",\"@id\":\"https:\/\/www.campinglesmizottes.fr\/en\/#website\",\"url\":\"https:\/\/www.campinglesmizottes.fr\/en\/\",\"name\":\"Camping les Mizottes\",\"description\":\"\",\"publisher\":{\"@id\":\"https:\/\/www.campinglesmizottes.fr\/en\/#organization\"},\"potentialAction\":[{\"@type\":\"SearchAction\",\"target\":{\"@type\":\"EntryPoint\",\"urlTemplate\":\"https:\/\/www.campinglesmizottes.fr\/en\/?s={search_term_string}\"},\"query-input\":{\"@type\":\"PropertyValueSpecification\",\"valueRequired\":true,\"valueName\":\"search_term_string\"}}],\"inLanguage\":\"en-US\"},{\"@type\":\"Organization\",\"@id\":\"https:\/\/www.campinglesmizottes.fr\/en\/#organization\",\"name\":\"Camping les Mizottes\",\"url\":\"https:\/\/www.campinglesmizottes.fr\/en\/\",\"logo\":{\"@type\":\"ImageObject\",\"inLanguage\":\"en-US\",\"@id\":\"https:\/\/www.campinglesmizottes.fr\/en\/#\/schema\/logo\/image\/\",\"url\":\"https:\/\/www.campinglesmizottes.fr\/wp-content\/uploads\/sites\/82\/2025\/03\/logo-campinglesmizottes-vendee.jpg\",\"contentUrl\":\"https:\/\/www.campinglesmizottes.fr\/wp-content\/uploads\/sites\/82\/2025\/03\/logo-campinglesmizottes-vendee.jpg\",\"width\":360,\"height\":360,\"caption\":\"Camping les Mizottes\"},\"image\":{\"@id\":\"https:\/\/www.campinglesmizottes.fr\/en\/#\/schema\/logo\/image\/\"}}]}<\/script>\n<!-- \/ Yoast SEO plugin. -->","yoast_head_json":{"title":"Visit Lu\u00e7on | Activities, visits Lu\u00e7on","description":"Lu\u00e7on and its cathedral are 15 minutes from Camping Les Mizottes.","robots":{"index":"index","follow":"follow","max-snippet":"max-snippet:-1","max-image-preview":"max-image-preview:large","max-video-preview":"max-video-preview:-1"},"canonical":"https:\/\/www.campinglesmizottes.fr\/en\/visiter-lucon\/","og_locale":"en_US","og_type":"article","og_title":"Visit Lu\u00e7on | Activities, visits Lu\u00e7on","og_description":"Lu\u00e7on and its cathedral are 15 minutes from Camping Les Mizottes.","og_url":"https:\/\/www.campinglesmizottes.fr\/en\/visiter-lucon\/","og_site_name":"Camping les Mizottes","article_modified_time":"2025-04-14T12:05:50+00:00","og_image":[{"width":2023,"height":1350,"url":"https:\/\/www.campinglesmizottes.fr\/wp-content\/uploads\/sites\/82\/2025\/03\/Lucon-Parc-floral-de-la-Presquile-2.webp","type":"image\/webp"}],"twitter_card":"summary_large_image","twitter_misc":{"Est. reading time":"2 minutes"},"schema":{"@context":"https:\/\/schema.org","@graph":[{"@type":"WebPage","@id":"https:\/\/www.campinglesmizottes.fr\/en\/visiter-lucon\/","url":"https:\/\/www.campinglesmizottes.fr\/en\/visiter-lucon\/","name":"Visit Lu\u00e7on | Activities, visits Lu\u00e7on","isPartOf":{"@id":"https:\/\/www.campinglesmizottes.fr\/en\/#website"},"primaryImageOfPage":{"@id":"https:\/\/www.campinglesmizottes.fr\/en\/visiter-lucon\/#primaryimage"},"image":{"@id":"https:\/\/www.campinglesmizottes.fr\/en\/visiter-lucon\/#primaryimage"},"thumbnailUrl":"https:\/\/www.campinglesmizottes.fr\/wp-content\/uploads\/sites\/82\/2025\/03\/Lucon-Parc-floral-de-la-Presquile-2.webp","datePublished":"2025-03-17T10:53:14+00:00","dateModified":"2025-04-14T12:05:50+00:00","description":"Lu\u00e7on and its cathedral are 15 minutes from Camping Les Mizottes.","breadcrumb":{"@id":"https:\/\/www.campinglesmizottes.fr\/en\/visiter-lucon\/#breadcrumb"},"inLanguage":"en-US","potentialAction":[{"@type":"ReadAction","target":["https:\/\/www.campinglesmizottes.fr\/en\/visiter-lucon\/"]}]},{"@type":"ImageObject","inLanguage":"en-US","@id":"https:\/\/www.campinglesmizottes.fr\/en\/visiter-lucon\/#primaryimage","url":"https:\/\/www.campinglesmizottes.fr\/wp-content\/uploads\/sites\/82\/2025\/03\/Lucon-Parc-floral-de-la-Presquile-2.webp","contentUrl":"https:\/\/www.campinglesmizottes.fr\/wp-content\/uploads\/sites\/82\/2025\/03\/Lucon-Parc-floral-de-la-Presquile-2.webp","width":2023,"height":1350},{"@type":"BreadcrumbList","@id":"https:\/\/www.campinglesmizottes.fr\/en\/visiter-lucon\/#breadcrumb","itemListElement":[{"@type":"ListItem","position":1,"name":"Accueil","item":"https:\/\/www.campinglesmizottes.fr\/en\/"},{"@type":"ListItem","position":2,"name":"Discover Lu\u00e7on"}]},{"@type":"WebSite","@id":"https:\/\/www.campinglesmizottes.fr\/en\/#website","url":"https:\/\/www.campinglesmizottes.fr\/en\/","name":"Camping les Mizottes","description":"","publisher":{"@id":"https:\/\/www.campinglesmizottes.fr\/en\/#organization"},"potentialAction":[{"@type":"SearchAction","target":{"@type":"EntryPoint","urlTemplate":"https:\/\/www.campinglesmizottes.fr\/en\/?s={search_term_string}"},"query-input":{"@type":"PropertyValueSpecification","valueRequired":true,"valueName":"search_term_string"}}],"inLanguage":"en-US"},{"@type":"Organization","@id":"https:\/\/www.campinglesmizottes.fr\/en\/#organization","name":"Camping les Mizottes","url":"https:\/\/www.campinglesmizottes.fr\/en\/","logo":{"@type":"ImageObject","inLanguage":"en-US","@id":"https:\/\/www.campinglesmizottes.fr\/en\/#\/schema\/logo\/image\/","url":"https:\/\/www.campinglesmizottes.fr\/wp-content\/uploads\/sites\/82\/2025\/03\/logo-campinglesmizottes-vendee.jpg","contentUrl":"https:\/\/www.campinglesmizottes.fr\/wp-content\/uploads\/sites\/82\/2025\/03\/logo-campinglesmizottes-vendee.jpg","width":360,"height":360,"caption":"Camping les Mizottes"},"image":{"@id":"https:\/\/www.campinglesmizottes.fr\/en\/#\/schema\/logo\/image\/"}}]}},"_links":{"self":[{"href":"https:\/\/www.campinglesmizottes.fr\/en\/wp-json\/wp\/v2\/pages\/13326","targetHints":{"allow":["GET"]}}],"collection":[{"href":"https:\/\/www.campinglesmizottes.fr\/en\/wp-json\/wp\/v2\/pages"}],"about":[{"href":"https:\/\/www.campinglesmizottes.fr\/en\/wp-json\/wp\/v2\/types\/page"}],"author":[{"embeddable":true,"href":"https:\/\/www.campinglesmizottes.fr\/en\/wp-json\/wp\/v2\/users\/1"}],"replies":[{"embeddable":true,"href":"https:\/\/www.campinglesmizottes.fr\/en\/wp-json\/wp\/v2\/comments?post=13326"}],"version-history":[{"count":2,"href":"https:\/\/www.campinglesmizottes.fr\/en\/wp-json\/wp\/v2\/pages\/13326\/revisions"}],"predecessor-version":[{"id":14721,"href":"https:\/\/www.campinglesmizottes.fr\/en\/wp-json\/wp\/v2\/pages\/13326\/revisions\/14721"}],"wp:featuredmedia":[{"embeddable":true,"href":"https:\/\/www.campinglesmizottes.fr\/en\/wp-json\/wp\/v2\/media\/13370"}],"wp:attachment":[{"href":"https:\/\/www.campinglesmizottes.fr\/en\/wp-json\/wp\/v2\/media?parent=13326"}],"curies":[{"name":"wp","href":"https:\/\/api.w.org\/{rel}","templated":true}]}}